{"id":462,"date":"2023-05-11T11:33:37","date_gmt":"2023-05-11T11:33:37","guid":{"rendered":"https:\/\/www.erasmusrural.com\/?page_id=462"},"modified":"2023-06-08T11:20:20","modified_gmt":"2023-06-08T11:20:20","slug":"solidaridad-juvenil-en-el-medio-rural-2022-2023","status":"publish","type":"page","link":"https:\/\/www.erasmusrural.com\/index.php\/solidaridad-juvenil-en-el-medio-rural-2022-2023\/","title":{"rendered":"Solidaridad Juvenil en el Medio rural 2022-2023"},"content":{"rendered":"<p>[et_pb_section fb_built=\u00bb1&#8243; fullwidth=\u00bbon\u00bb custom_padding_last_edited=\u00bbon|desktop\u00bb admin_label=\u00bbsection\u00bb _builder_version=\u00bb4.16&#8243; background_color=\u00bb#87b572&#8243; custom_padding_tablet=\u00bb50px|0|50px|0&#8243; custom_padding_phone=\u00bb\u00bb transparent_background=\u00bboff\u00bb padding_mobile=\u00bboff\u00bb make_fullwidth=\u00bboff\u00bb use_custom_width=\u00bboff\u00bb width_unit=\u00bbon\u00bb global_colors_info=\u00bb{}\u00bb][et_pb_fullwidth_header title=\u00bbPROYECTO: 2021-2-ES51-VTJ-000047742&#8243; content_max_width=\u00bbnone\u00bb title_font_color=\u00bb#ffffff\u00bb admin_label=\u00bbT\u00edtulo de anchura completa\u00bb _builder_version=\u00bb4.20.2&#8243; title_text_color=\u00bb#ffffff\u00bb background_color=\u00bbrgba(255, 255, 255, 0)\u00bb button_one_letter_spacing_hover=\u00bb0&#8243; button_two_letter_spacing_hover=\u00bb0&#8243; global_colors_info=\u00bb{}\u00bb button_one_text_size__hover_enabled=\u00bboff\u00bb button_two_text_size__hover_enabled=\u00bboff\u00bb button_one_text_color__hover_enabled=\u00bboff\u00bb button_two_text_color__hover_enabled=\u00bboff\u00bb button_one_border_width__hover_enabled=\u00bboff\u00bb button_two_border_width__hover_enabled=\u00bboff\u00bb button_one_border_color__hover_enabled=\u00bboff\u00bb button_two_border_color__hover_enabled=\u00bboff\u00bb button_one_border_radius__hover_enabled=\u00bboff\u00bb button_two_border_radius__hover_enabled=\u00bboff\u00bb button_one_letter_spacing__hover_enabled=\u00bbon\u00bb button_one_letter_spacing__hover=\u00bb0&#8243; button_two_letter_spacing__hover_enabled=\u00bbon\u00bb button_two_letter_spacing__hover=\u00bb0&#8243; button_one_bg_color__hover_enabled=\u00bboff\u00bb button_two_bg_color__hover_enabled=\u00bboff\u00bb][\/et_pb_fullwidth_header][\/et_pb_section][et_pb_section fb_built=\u00bb1&#8243; admin_label=\u00bbSecci\u00f3n\u00bb _builder_version=\u00bb4.16&#8243; global_colors_info=\u00bb{}\u00bb][et_pb_row admin_label=\u00bbFila\u00bb _builder_version=\u00bb4.16&#8243; background_size=\u00bbinitial\u00bb background_position=\u00bbtop_left\u00bb background_repeat=\u00bbrepeat\u00bb global_colors_info=\u00bb{}\u00bb][et_pb_column type=\u00bb4_4&#8243; _builder_version=\u00bb4.16&#8243; custom_padding=\u00bb|||\u00bb global_colors_info=\u00bb{}\u00bb custom_padding__hover=\u00bb|||\u00bb][et_pb_tabs admin_label=\u00bbPesta\u00f1as\u00bb _builder_version=\u00bb4.20.2&#8243; background_size=\u00bbinitial\u00bb background_position=\u00bbtop_left\u00bb background_repeat=\u00bbrepeat\u00bb hover_enabled=\u00bb0&#8243; use_border_color=\u00bboff\u00bb border_color=\u00bb#ffffff\u00bb border_style=\u00bbsolid\u00bb global_colors_info=\u00bb{}\u00bb sticky_enabled=\u00bb0&#8243;][et_pb_tab title=\u00bbEspa\u00f1ol\u00bb _builder_version=\u00bb4.20.2&#8243; body_font=\u00bb||||\u00bb body_line_height=\u00bb2em\u00bb tab_font=\u00bb|on|||\u00bb tab_font_size=\u00bb16&#8243; tab_line_height=\u00bb2em\u00bb background_size=\u00bbinitial\u00bb background_position=\u00bbtop_left\u00bb background_repeat=\u00bbrepeat\u00bb hover_enabled=\u00bb0&#8243; body_line_height_tablet=\u00bb2em\u00bb body_line_height_phone=\u00bb2em\u00bb tab_font_size_tablet=\u00bb16&#8243; tab_font_size_phone=\u00bb16&#8243; tab_font_size_last_edited=\u00bboff|phone\u00bb tab_line_height_tablet=\u00bb2em\u00bb tab_line_height_phone=\u00bb2em\u00bb global_colors_info=\u00bb{}\u00bb sticky_enabled=\u00bb0&#8243;]<\/p>\n<p style=\"text-align: justify;\"><strong>Solidaridad Juvenil en el medio rural 2022 &#8211; 2023&#8243;<\/strong><\/p>\n<p><strong>Temporalizaci\u00f3n\u00a0\u00a0\u00a0 12\u00a0 meses<\/strong><strong><\/strong><strong><\/strong><\/p>\n<p>ver <a href=\"https:\/\/issuu.com\/avfcomunicacion\/docs\/dossier_fotograf_as_voluntariado_ka_8c5dcd4a5bf0f0\" target=\"_blank\" rel=\"noopener\">DOSSIER FOTOGR\u00c1FICO DEL PROYECTO<\/a><\/p>\n<p>Lugar Plasenzuela y comarca<\/p>\n<p>Las actividades planificadas se desarrollan en \u00e1mbitos diversos pero interrelacionados, lo que permite una acci\u00f3n integral e integradora. As\u00ed las actividades que podemos ofrecer a los voluntarios ser\u00e1n la siguientes actividades<\/p>\n<p>socioculturales para j\u00f3venes y ni\u00f1os; actividades deportivas; se e identifica la necesidad debido a la demanda de los colectivo que participaron en las actividades de otros proyecto de a\u00f1os anteriores Erasmus plus y CES llevado acabo en la zona y comarca cercanas a Plasenzuela. Al ser unas actividades interrelacionadas en tiempo y colectivo se denota la demanda o carencia de la actividad por los colectivos que a lo largo del tiempo vienen participando con Acci\u00f3n Rural en la actividades de Cuerpo Europeo de Solidaridad. Por otro lado, la red formada por ayuntamiento, colectivo de j\u00f3venes, y asociaciones de desarrollo, tambi\u00e9n en su trabajo de detectar las necesidades informa a Acci\u00f3n Rural de<\/p>\n<p>la posibles actividades que se pueden llevaran\u00a0 acabo con el fin de cohesionar la comarca la comunidad aut\u00f3noma y Europa atreves de CES esta actividades son aquella relacionas con los colectivo mujeres ancianos, j\u00f3venes , ni\u00f1os asociaciones y colectivo de la comarca e Extremadura.<\/p>\n<p>Los desaf\u00edos que nos propones abordar son:<\/p>\n<p>-Mejorar la solidaridad entre las personas respetando sus culturas y tradiciones y aspiran a construir una comunidad con<\/p>\n<p>Responsabilidades compartidas.<\/p>\n<p>-Desarrollo de procesos de trabajo conjunto en la distancia e intercambio de metodolog\u00edas y formas de actuaci\u00f3n local.<\/p>\n<p>-Aumentar la concienciaci\u00f3n del concepto y necesidad de una Europa Solidaria entre los j\u00f3venes Europeos.<\/p>\n<p>-Potenciar la participaci\u00f3n de la mujeres en la diversas actividades de la localidad.<\/p>\n<p>-Incrementar la participaci\u00f3n activa de los y las j\u00f3venes de los municipios de Plasenzuela y comarca en la vida social, cultural y ciudadana del municipios.<\/p>\n<p>-Avanzar en la creaci\u00f3n de redes estables de participaci\u00f3n de la sociedad civil organizada.<\/p>\n<p>-Establecer redes y conexiones con j\u00f3venes de todo el resto de pa\u00edses europeos.<\/p>\n<p>-Potenciar la vida sana a trav\u00e9s del deporte al aire libre y practicas de cultivo ecol\u00f3gico.<\/p>\n<p>-Desarrollar la cultura del \u00abvoluntariado\u00bb tanto en nuestro contexto local, como en el global europea.<\/p>\n<p>-Poner en valor y reconocimiento de los programas de educaci\u00f3n no formal.<\/p>\n<p>-Fomentar el sentimiento de pertenencia a una comunidad local, comarca de Mont\u00e1nchez tamuja y Trujillo como una\u00a0 comunidad global: Europa.<\/p>\n<p>-Aumentar la autoestima y el sentimiento de pertenencia a una comunidad local, activa y din\u00e1mica, que ofrece oportunidades (a trav\u00e9s de experiencias locales e internacionales) a sus vecinos y vecinas, especialmente a los m\u00e1s j\u00f3venes.<\/p>\n<p>-Tener una mayor cohesi\u00f3n y comunicaci\u00f3n entre las entidades socio-culturales del municipio y zona cercanas.<\/p>\n<p>Desaf\u00edos espec\u00edficos entre el p\u00fablico:<\/p>\n<p>-Fomentar el sentimiento de inclusi\u00f3n y participaci\u00f3n en una comunidad, que provee diferentes oportunidades a sus habitantes de todas las edades.<\/p>\n<p>-Crear una mayor cohesi\u00f3n y comunicaci\u00f3n entre las entidades socio-culturales del municipios y zona cerca de la comarcas de Mont\u00e1nchez -Tamuja y Adicon y la comunidad de Extremadura.<\/p>\n<p>-Promover la participaci\u00f3n en la experiencia del voluntariado del Cuerpo Europeo de Solidaridad en ambos contextos: Local y global europeo.<\/p>\n<p>-Fomentar la inclusi\u00f3n social y cultural de la poblaci\u00f3n joven que habiten en las localidades de Plasenzuela y su comarca.<\/p>\n<p>-Acreditar y valorar el reconocimiento de los programas de educaci\u00f3n no formal.<\/p>\n<p style=\"text-align: justify;\">[\/et_pb_tab][et_pb_tab title=\u00bbIngles\u00bb _builder_version=\u00bb4.20.2&#8243; body_font=\u00bb||||\u00bb body_line_height=\u00bb2em\u00bb tab_font=\u00bb|on|||\u00bb tab_font_size=\u00bb16&#8243; tab_line_height=\u00bb2em\u00bb background_size=\u00bbinitial\u00bb background_position=\u00bbtop_left\u00bb background_repeat=\u00bbrepeat\u00bb hover_enabled=\u00bb0&#8243; body_line_height_tablet=\u00bb2em\u00bb body_line_height_phone=\u00bb2em\u00bb tab_font_size_tablet=\u00bb16&#8243; tab_font_size_phone=\u00bb16&#8243; tab_line_height_tablet=\u00bb2em\u00bb tab_line_height_phone=\u00bb2em\u00bb global_colors_info=\u00bb{}\u00bb sticky_enabled=\u00bb0&#8243;]<\/p>\n<p style=\"text-align: justify;\"><strong>Timeframe 12 months<\/strong><\/p>\n<p style=\"text-align: left;\">View <a href=\"https:\/\/issuu.com\/avfcomunicacion\/docs\/dossier_fotograf_as_voluntariado_ka_8c5dcd4a5bf0f0\" target=\"_blank\" rel=\"noopener\">PROJECT PHOTOGRAPHIC DOSSIER<\/a><\/p>\n<p style=\"text-align: justify;\">Location Plasenzuela and region<br \/>The planned activities are developed in different but interrelated areas, which allows for a comprehensive and integrated action. Thus, the activities that we can offer to volunteers will be the following activities<br \/>sociocultural activities for young people and children; sports activities; the need is identified due to the demand of the groups that participated in the activities of other projects in previous years Erasmus plus and CES carried out in the area and region near Plasenzuela. As these activities are interrelated in time and group, the demand or lack of the activity by the groups that have been participating with Rural Action in the activities of the European Solidarity Corps over time is denoted. On the other hand, the network formed by city councils, youth groups and development associations, also in its work of detecting needs, informs Acci\u00f3n Rural of the possible activities that can be carried out in the area.<br \/>the possible activities that can be carried out in order to unite the region, the autonomous community and Europe through the ESC. These activities are those related to women, the elderly, young people, children, associations and groups in the region of Extremadura.<br \/>The challenges we propose to address are:<br \/>-Improving solidarity between people respecting their cultures and traditions and aiming to build a community with<br \/>Shared responsibilities.<br \/>-Developing processes of working together at a distance and exchanging methodologies and forms of local action.<br \/>-Raising awareness of the concept and need for a Europe of Solidarity among young Europeans.<br \/>-To promote the participation of women in the various activities of the locality.<br \/>-To increase the active participation of young people from the municipalities of Plasenzuela and the region in the social, cultural and civic life of the municipality.<br \/>-To advance in the creation of stable networks of organised civil society participation.<br \/>-To establish networks and connections with young people from all other European countries.<br \/>-To promote healthy living through outdoor sports and organic farming practices.<br \/>-To develop the culture of \u00abvolunteering\u00bb in our local context, as well as in the global European context.<br \/>To promote the value and recognition of non-formal education programmes.<br \/>-To promote the feeling of belonging to a local community, the region of Mont\u00e1nchez Tamuja and Trujillo as a global community: Europe.<br \/>To increase self-esteem and the feeling of belonging to a local, active and dynamic community, which offers opportunities (through local and international experiences) to its neighbours, especially the youngest ones.<br \/>-To have a greater cohesion and communication between the socio-cultural entities of the municipality and the surrounding area.<br \/>Specific challenges among the public:<br \/>-To foster a feeling of inclusion and participation in a community, which provides different opportunities to its inhabitants of all ages.<br \/>-To create a greater cohesion and communication between the socio-cultural entities of the municipalities and area around the regions of Mont\u00e1nchez -Tamuja and Adicon and the community of Extremadura.<br \/>-Promote participation in the European Solidarity Corps volunteering experience in both local and global European contexts.<br \/>-To promote the social and cultural inclusion of the young population living in the localities of Plasenzuela and its region.<br \/>To accredit and value the recognition of non-formal education programmes.<\/p>\n<p>&nbsp;<\/p>\n<p>[\/et_pb_tab][\/et_pb_tabs][\/et_pb_column][\/et_pb_row][\/et_pb_section][et_pb_section fb_built=\u00bb1&#8243; custom_padding_last_edited=\u00bbon|desktop\u00bb admin_label=\u00bbSecci\u00f3n\u00bb _builder_version=\u00bb4.16&#8243; background_color=\u00bb#87b572&#8243; custom_padding_tablet=\u00bb50px|0|50px|0&#8243; custom_padding_phone=\u00bb\u00bb transparent_background=\u00bboff\u00bb padding_mobile=\u00bboff\u00bb make_fullwidth=\u00bboff\u00bb use_custom_width=\u00bboff\u00bb width_unit=\u00bbon\u00bb global_colors_info=\u00bb{}\u00bb][et_pb_row admin_label=\u00bbFila\u00bb _builder_version=\u00bb4.16&#8243; background_size=\u00bbinitial\u00bb background_position=\u00bbtop_left\u00bb background_repeat=\u00bbrepeat\u00bb global_colors_info=\u00bb{}\u00bb][et_pb_column type=\u00bb4_4&#8243; _builder_version=\u00bb4.16&#8243; custom_padding=\u00bb|||\u00bb global_colors_info=\u00bb{}\u00bb custom_padding__hover=\u00bb|||\u00bb][et_pb_cta title=\u00bbContacta con nosotros\u00bb button_url=\u00bbhttp:\/\/www.erasmusrural.com\/index.php\/contactar\/\u00bb button_text=\u00bbContactar\u00bb admin_label=\u00bbLlamada a la acci\u00f3n\u00bb _builder_version=\u00bb4.16&#8243; background_color=\u00bb#87b572&#8243; background_size=\u00bbinitial\u00bb background_position=\u00bbtop_left\u00bb background_repeat=\u00bbrepeat\u00bb text_orientation=\u00bbleft\u00bb use_border_color=\u00bboff\u00bb border_color=\u00bb#ffffff\u00bb border_style=\u00bbsolid\u00bb button_letter_spacing_hover=\u00bb0&#8243; global_colors_info=\u00bb{}\u00bb button_text_size__hover_enabled=\u00bboff\u00bb button_one_text_size__hover_enabled=\u00bboff\u00bb button_two_text_size__hover_enabled=\u00bboff\u00bb button_text_color__hover_enabled=\u00bboff\u00bb button_one_text_color__hover_enabled=\u00bboff\u00bb button_two_text_color__hover_enabled=\u00bboff\u00bb button_border_width__hover_enabled=\u00bboff\u00bb button_one_border_width__hover_enabled=\u00bboff\u00bb button_two_border_width__hover_enabled=\u00bboff\u00bb button_border_color__hover_enabled=\u00bboff\u00bb button_one_border_color__hover_enabled=\u00bboff\u00bb button_two_border_color__hover_enabled=\u00bboff\u00bb button_border_radius__hover_enabled=\u00bboff\u00bb button_one_border_radius__hover_enabled=\u00bboff\u00bb button_two_border_radius__hover_enabled=\u00bboff\u00bb button_letter_spacing__hover_enabled=\u00bbon\u00bb button_letter_spacing__hover=\u00bb0&#8243; button_one_letter_spacing__hover_enabled=\u00bboff\u00bb button_two_letter_spacing__hover_enabled=\u00bboff\u00bb button_bg_color__hover_enabled=\u00bboff\u00bb button_one_bg_color__hover_enabled=\u00bboff\u00bb button_two_bg_color__hover_enabled=\u00bboff\u00bb]Si estas interesado\/a, solicita m\u00e1s informaci\u00f3n, pulsa el bot\u00f3n y rellena el formulario<br \/>\n[\/et_pb_cta][\/et_pb_column][\/et_pb_row][\/et_pb_section]<\/p>\n","protected":false},"excerpt":{"rendered":"<p>Solidaridad Juvenil en el medio rural 2022 &#8211; 2023&#8243; Temporalizaci\u00f3n\u00a0\u00a0\u00a0 12\u00a0 meses ver DOSSIER FOTOGR\u00c1FICO DEL PROYECTO Lugar Plasenzuela y comarca Las actividades planificadas se desarrollan en \u00e1mbitos diversos pero interrelacionados, lo que permite una acci\u00f3n integral e integradora. As\u00ed las actividades que podemos ofrecer a los voluntarios ser\u00e1n la siguientes actividades socioculturales para j\u00f3venes [&hellip;]<\/p>\n","protected":false},"author":2,"featured_media":0,"parent":0,"menu_order":0,"comment_status":"closed","ping_status":"closed","template":"","meta":{"_et_pb_use_builder":"on","_et_pb_old_content":"","_et_gb_content_width":"","footnotes":""},"class_list":["post-462","page","type-page","status-publish","hentry"],"yoast_head":"<!-- This site is optimized with the Yoast SEO plugin v27.4 - https:\/\/yoast.com\/product\/yoast-seo-wordpress\/ -->\n<title>Solidaridad Juvenil en el Medio rural 2022-2023 - Web Oficial de Erasmus Rural \u00b7 Extremadura \u00b7 Espa\u00f1a<\/title>\n<meta name=\"robots\" content=\"index, follow, max-snippet:-1, max-image-preview:large, max-video-preview:-1\" \/>\n<link rel=\"canonical\" href=\"https:\/\/www.erasmusrural.com\/index.php\/solidaridad-juvenil-en-el-medio-rural-2022-2023\/\" \/>\n<meta property=\"og:locale\" content=\"es_ES\" \/>\n<meta property=\"og:type\" content=\"article\" \/>\n<meta property=\"og:title\" content=\"Solidaridad Juvenil en el Medio rural 2022-2023 - Web Oficial de Erasmus Rural \u00b7 Extremadura \u00b7 Espa\u00f1a\" \/>\n<meta property=\"og:description\" content=\"Solidaridad Juvenil en el medio rural 2022 - 2023&quot; Temporalizaci\u00f3n\u00a0\u00a0\u00a0 12\u00a0 meses ver DOSSIER FOTOGR\u00c1FICO DEL PROYECTO Lugar Plasenzuela y comarca Las actividades planificadas se desarrollan en \u00e1mbitos diversos pero interrelacionados, lo que permite una acci\u00f3n integral e integradora. As\u00ed las actividades que podemos ofrecer a los voluntarios ser\u00e1n la siguientes actividades socioculturales para j\u00f3venes [&hellip;]\" \/>\n<meta property=\"og:url\" content=\"https:\/\/www.erasmusrural.com\/index.php\/solidaridad-juvenil-en-el-medio-rural-2022-2023\/\" \/>\n<meta property=\"og:site_name\" content=\"Web Oficial de Erasmus Rural \u00b7 Extremadura \u00b7 Espa\u00f1a\" \/>\n<meta property=\"article:modified_time\" content=\"2023-06-08T11:20:20+00:00\" \/>\n<meta name=\"twitter:card\" content=\"summary_large_image\" \/>\n<script type=\"application\/ld+json\" class=\"yoast-schema-graph\">{\"@context\":\"https:\\\/\\\/schema.org\",\"@graph\":[{\"@type\":\"WebPage\",\"@id\":\"https:\\\/\\\/www.erasmusrural.com\\\/index.php\\\/solidaridad-juvenil-en-el-medio-rural-2022-2023\\\/\",\"url\":\"https:\\\/\\\/www.erasmusrural.com\\\/index.php\\\/solidaridad-juvenil-en-el-medio-rural-2022-2023\\\/\",\"name\":\"Solidaridad Juvenil en el Medio rural 2022-2023 - Web Oficial de Erasmus Rural \u00b7 Extremadura \u00b7 Espa\u00f1a\",\"isPartOf\":{\"@id\":\"https:\\\/\\\/www.erasmusrural.com\\\/#website\"},\"datePublished\":\"2023-05-11T11:33:37+00:00\",\"dateModified\":\"2023-06-08T11:20:20+00:00\",\"breadcrumb\":{\"@id\":\"https:\\\/\\\/www.erasmusrural.com\\\/index.php\\\/solidaridad-juvenil-en-el-medio-rural-2022-2023\\\/#breadcrumb\"},\"inLanguage\":\"es\",\"potentialAction\":[{\"@type\":\"ReadAction\",\"target\":[\"https:\\\/\\\/www.erasmusrural.com\\\/index.php\\\/solidaridad-juvenil-en-el-medio-rural-2022-2023\\\/\"]}]},{\"@type\":\"BreadcrumbList\",\"@id\":\"https:\\\/\\\/www.erasmusrural.com\\\/index.php\\\/solidaridad-juvenil-en-el-medio-rural-2022-2023\\\/#breadcrumb\",\"itemListElement\":[{\"@type\":\"ListItem\",\"position\":1,\"name\":\"Portada\",\"item\":\"https:\\\/\\\/www.erasmusrural.com\\\/\"},{\"@type\":\"ListItem\",\"position\":2,\"name\":\"Solidaridad Juvenil en el Medio rural 2022-2023\"}]},{\"@type\":\"WebSite\",\"@id\":\"https:\\\/\\\/www.erasmusrural.com\\\/#website\",\"url\":\"https:\\\/\\\/www.erasmusrural.com\\\/\",\"name\":\"Web Oficial de Erasmus Rural \u00b7 Extremadura \u00b7 Espa\u00f1a\",\"description\":\"Erasmus Extremadura\",\"potentialAction\":[{\"@type\":\"SearchAction\",\"target\":{\"@type\":\"EntryPoint\",\"urlTemplate\":\"https:\\\/\\\/www.erasmusrural.com\\\/?s={search_term_string}\"},\"query-input\":{\"@type\":\"PropertyValueSpecification\",\"valueRequired\":true,\"valueName\":\"search_term_string\"}}],\"inLanguage\":\"es\"}]}<\/script>\n<!-- \/ Yoast SEO plugin. -->","yoast_head_json":{"title":"Solidaridad Juvenil en el Medio rural 2022-2023 - Web Oficial de Erasmus Rural \u00b7 Extremadura \u00b7 Espa\u00f1a","robots":{"index":"index","follow":"follow","max-snippet":"max-snippet:-1","max-image-preview":"max-image-preview:large","max-video-preview":"max-video-preview:-1"},"canonical":"https:\/\/www.erasmusrural.com\/index.php\/solidaridad-juvenil-en-el-medio-rural-2022-2023\/","og_locale":"es_ES","og_type":"article","og_title":"Solidaridad Juvenil en el Medio rural 2022-2023 - Web Oficial de Erasmus Rural \u00b7 Extremadura \u00b7 Espa\u00f1a","og_description":"Solidaridad Juvenil en el medio rural 2022 - 2023\" Temporalizaci\u00f3n\u00a0\u00a0\u00a0 12\u00a0 meses ver DOSSIER FOTOGR\u00c1FICO DEL PROYECTO Lugar Plasenzuela y comarca Las actividades planificadas se desarrollan en \u00e1mbitos diversos pero interrelacionados, lo que permite una acci\u00f3n integral e integradora. As\u00ed las actividades que podemos ofrecer a los voluntarios ser\u00e1n la siguientes actividades socioculturales para j\u00f3venes [&hellip;]","og_url":"https:\/\/www.erasmusrural.com\/index.php\/solidaridad-juvenil-en-el-medio-rural-2022-2023\/","og_site_name":"Web Oficial de Erasmus Rural \u00b7 Extremadura \u00b7 Espa\u00f1a","article_modified_time":"2023-06-08T11:20:20+00:00","twitter_card":"summary_large_image","schema":{"@context":"https:\/\/schema.org","@graph":[{"@type":"WebPage","@id":"https:\/\/www.erasmusrural.com\/index.php\/solidaridad-juvenil-en-el-medio-rural-2022-2023\/","url":"https:\/\/www.erasmusrural.com\/index.php\/solidaridad-juvenil-en-el-medio-rural-2022-2023\/","name":"Solidaridad Juvenil en el Medio rural 2022-2023 - Web Oficial de Erasmus Rural \u00b7 Extremadura \u00b7 Espa\u00f1a","isPartOf":{"@id":"https:\/\/www.erasmusrural.com\/#website"},"datePublished":"2023-05-11T11:33:37+00:00","dateModified":"2023-06-08T11:20:20+00:00","breadcrumb":{"@id":"https:\/\/www.erasmusrural.com\/index.php\/solidaridad-juvenil-en-el-medio-rural-2022-2023\/#breadcrumb"},"inLanguage":"es","potentialAction":[{"@type":"ReadAction","target":["https:\/\/www.erasmusrural.com\/index.php\/solidaridad-juvenil-en-el-medio-rural-2022-2023\/"]}]},{"@type":"BreadcrumbList","@id":"https:\/\/www.erasmusrural.com\/index.php\/solidaridad-juvenil-en-el-medio-rural-2022-2023\/#breadcrumb","itemListElement":[{"@type":"ListItem","position":1,"name":"Portada","item":"https:\/\/www.erasmusrural.com\/"},{"@type":"ListItem","position":2,"name":"Solidaridad Juvenil en el Medio rural 2022-2023"}]},{"@type":"WebSite","@id":"https:\/\/www.erasmusrural.com\/#website","url":"https:\/\/www.erasmusrural.com\/","name":"Web Oficial de Erasmus Rural \u00b7 Extremadura \u00b7 Espa\u00f1a","description":"Erasmus Extremadura","potentialAction":[{"@type":"SearchAction","target":{"@type":"EntryPoint","urlTemplate":"https:\/\/www.erasmusrural.com\/?s={search_term_string}"},"query-input":{"@type":"PropertyValueSpecification","valueRequired":true,"valueName":"search_term_string"}}],"inLanguage":"es"}]}},"jetpack_sharing_enabled":true,"_links":{"self":[{"href":"https:\/\/www.erasmusrural.com\/index.php\/wp-json\/wp\/v2\/pages\/462","targetHints":{"allow":["GET"]}}],"collection":[{"href":"https:\/\/www.erasmusrural.com\/index.php\/wp-json\/wp\/v2\/pages"}],"about":[{"href":"https:\/\/www.erasmusrural.com\/index.php\/wp-json\/wp\/v2\/types\/page"}],"author":[{"embeddable":true,"href":"https:\/\/www.erasmusrural.com\/index.php\/wp-json\/wp\/v2\/users\/2"}],"replies":[{"embeddable":true,"href":"https:\/\/www.erasmusrural.com\/index.php\/wp-json\/wp\/v2\/comments?post=462"}],"version-history":[{"count":5,"href":"https:\/\/www.erasmusrural.com\/index.php\/wp-json\/wp\/v2\/pages\/462\/revisions"}],"predecessor-version":[{"id":516,"href":"https:\/\/www.erasmusrural.com\/index.php\/wp-json\/wp\/v2\/pages\/462\/revisions\/516"}],"wp:attachment":[{"href":"https:\/\/www.erasmusrural.com\/index.php\/wp-json\/wp\/v2\/media?parent=462"}],"curies":[{"name":"wp","href":"https:\/\/api.w.org\/{rel}","templated":true}]}}