{"id":381,"date":"2020-09-07T09:48:34","date_gmt":"2020-09-07T09:48:34","guid":{"rendered":"https:\/\/www.erasmusrural.com\/?page_id=381"},"modified":"2022-02-25T12:05:31","modified_gmt":"2022-02-25T12:05:31","slug":"solidaridad-juvenil-en-el-medio-rural","status":"publish","type":"page","link":"https:\/\/www.erasmusrural.com\/index.php\/solidaridad-juvenil-en-el-medio-rural\/","title":{"rendered":"Solidaridad Juvenil en el Medio Rural"},"content":{"rendered":"<p>[et_pb_section fb_built=\u00bb1&#8243; fullwidth=\u00bbon\u00bb custom_padding_last_edited=\u00bbon|desktop\u00bb admin_label=\u00bbsection\u00bb _builder_version=\u00bb3.22&#8243; background_color=\u00bb#87b572&#8243; custom_padding_tablet=\u00bb50px|0|50px|0&#8243; custom_padding_phone=\u00bb\u00bb transparent_background=\u00bboff\u00bb padding_mobile=\u00bboff\u00bb make_fullwidth=\u00bboff\u00bb use_custom_width=\u00bboff\u00bb width_unit=\u00bbon\u00bb][et_pb_fullwidth_header title=\u00bb%22Solidaridad Juvenil en el medio rural%22&#8243; subhead=\u00bb2020-1-ES02-ESC11-014843&#8243; content_max_width=\u00bbnone\u00bb title_font_color=\u00bb#ffffff\u00bb admin_label=\u00bbT\u00edtulo de anchura completa\u00bb _builder_version=\u00bb4.4.8&#8243; title_text_color=\u00bb#ffffff\u00bb background_color=\u00bbrgba(255, 255, 255, 0)\u00bb hover_enabled=\u00bb0&#8243; button_one_letter_spacing_hover=\u00bb0&#8243; button_two_letter_spacing_hover=\u00bb0&#8243; button_one_text_size__hover_enabled=\u00bboff\u00bb button_two_text_size__hover_enabled=\u00bboff\u00bb button_one_text_color__hover_enabled=\u00bboff\u00bb button_two_text_color__hover_enabled=\u00bboff\u00bb button_one_border_width__hover_enabled=\u00bboff\u00bb button_two_border_width__hover_enabled=\u00bboff\u00bb button_one_border_color__hover_enabled=\u00bboff\u00bb button_two_border_color__hover_enabled=\u00bboff\u00bb button_one_border_radius__hover_enabled=\u00bboff\u00bb button_two_border_radius__hover_enabled=\u00bboff\u00bb button_one_letter_spacing__hover_enabled=\u00bbon\u00bb button_one_letter_spacing__hover=\u00bb0&#8243; button_two_letter_spacing__hover_enabled=\u00bbon\u00bb button_two_letter_spacing__hover=\u00bb0&#8243; button_one_bg_color__hover_enabled=\u00bboff\u00bb button_two_bg_color__hover_enabled=\u00bboff\u00bb][\/et_pb_fullwidth_header][\/et_pb_section][et_pb_section fb_built=\u00bb1&#8243; admin_label=\u00bbSecci\u00f3n\u00bb _builder_version=\u00bb3.22&#8243;][et_pb_row column_structure=\u00bb1_3,2_3&#8243; admin_label=\u00bbFila\u00bb _builder_version=\u00bb3.25&#8243; background_size=\u00bbinitial\u00bb background_position=\u00bbtop_left\u00bb background_repeat=\u00bbrepeat\u00bb][et_pb_column type=\u00bb1_3&#8243; _builder_version=\u00bb3.25&#8243; custom_padding=\u00bb|||\u00bb custom_padding__hover=\u00bb|||\u00bb][et_pb_image src=\u00bbhttps:\/\/www.erasmusrural.com\/wp-content\/uploads\/2020\/09\/poster-la-zarzacumbre2020.jpg\u00bb title_text=\u00bbPoster Zarza-Cumbre 2020&#8243; align_tablet=\u00bbcenter\u00bb align_phone=\u00bb\u00bb align_last_edited=\u00bbon|desktop\u00bb admin_label=\u00bbImagen\u00bb _builder_version=\u00bb4.4.8&#8243; animation_style=\u00bbslide\u00bb animation_direction=\u00bbleft\u00bb animation_duration=\u00bb500ms\u00bb animation_intensity_slide=\u00bb10%\u00bb use_border_color=\u00bboff\u00bb border_color=\u00bb#ffffff\u00bb border_style=\u00bbsolid\u00bb animation=\u00bbleft\u00bb sticky=\u00bboff\u00bb always_center_on_mobile=\u00bbon\u00bb] [\/et_pb_image][\/et_pb_column][et_pb_column type=\u00bb2_3&#8243; _builder_version=\u00bb3.25&#8243; custom_padding=\u00bb|||\u00bb custom_padding__hover=\u00bb|||\u00bb][et_pb_tabs admin_label=\u00bbPesta\u00f1as\u00bb _builder_version=\u00bb4.4.8&#8243; background_size=\u00bbinitial\u00bb background_position=\u00bbtop_left\u00bb background_repeat=\u00bbrepeat\u00bb use_border_color=\u00bboff\u00bb border_color=\u00bb#ffffff\u00bb border_style=\u00bbsolid\u00bb][et_pb_tab title=\u00bbEspa\u00f1ol\u00bb _builder_version=\u00bb4.4.8&#8243; body_font=\u00bb||||\u00bb body_line_height=\u00bb2em\u00bb tab_font=\u00bb|on|||\u00bb tab_font_size=\u00bb16&#8243; tab_line_height=\u00bb2em\u00bb background_size=\u00bbinitial\u00bb background_position=\u00bbtop_left\u00bb background_repeat=\u00bbrepeat\u00bb body_line_height_tablet=\u00bb2em\u00bb body_line_height_phone=\u00bb2em\u00bb tab_font_size_tablet=\u00bb16&#8243; tab_font_size_phone=\u00bb16&#8243; tab_font_size_last_edited=\u00bboff|phone\u00bb tab_line_height_tablet=\u00bb2em\u00bb tab_line_height_phone=\u00bb2em\u00bb]<\/p>\n<p style=\"text-align: justify;\"><strong>Solidaridad Juvenil en el medio rural\u00bb<\/strong><\/p>\n<p style=\"text-align: justify;\">Los principales impactos repercusiones buscados y previstos por el proyecto son: Entre las personas voluntarias europeas y participantes:<\/p>\n<p style=\"text-align: justify;\">&#8211; una experiencia de vida europea transformadora, que permite entender globalmente qu\u00e9 es Europa global y locamente. Entre las organizaciones participantes:<\/p>\n<p style=\"text-align: justify;\">&#8211; desarrollo de procesos de trabajo conjunto en la distancia e intercambio de metodolog\u00edas y formas de actuaci\u00f3n local.<\/p>\n<p style=\"text-align: justify;\">&#8211; avance en la creaci\u00f3n de redes estables de participaci\u00f3n de la sociedad civil organizada<\/p>\n<p style=\"text-align: justify;\"><strong>OBJETIVOS GENERALES<\/strong><\/p>\n<p style=\"text-align: justify;\">-mejorar la solidaridad entre las personas respetando sus culturas y tradiciones y aspiran a construir una comunidad con responsabilidades compartidas<\/p>\n<p style=\"text-align: justify;\">&#8211; desarrollo de procesos de trabajo conjunto en la distancia e intercambio de metodolog\u00edas y formas de actuaci\u00f3n loca<\/p>\n<p style=\"text-align: justify;\">-aumentar la concienciaci\u00f3n del concepto y necesidad de una Europa Solidaria entre los j\u00f3venes Europeos<\/p>\n<p style=\"text-align: justify;\">-potenciar la participaci\u00f3n de la mujeres en la diversas actividades de la localidad<\/p>\n<p style=\"text-align: justify;\">-el incremento de la participaci\u00f3n activa de los y las j\u00f3venes de los municipios de Plasenzuela y comarca. en la vida social, cultural y ciudadana del municipio-avance en la creaci\u00f3n de redes estables de participaci\u00f3n de la sociedad civil organizada<\/p>\n<p style=\"text-align: justify;\">&#8211; el establecimiento de redes y conexiones con j\u00f3venes de todo el resto de pa\u00edses europeos<\/p>\n<p style=\"text-align: justify;\">-potenciar la vida sana a trav\u00e9s del deporte al aire libre y pr\u00e1cticas de cultivo ecol\u00f3gico<\/p>\n<p style=\"text-align: justify;\">&#8211; el desarrollo de la cultura del \u00abvoluntariado\u00bb tanto en nuestro contexto local, como en el global europeo<\/p>\n<p style=\"text-align: justify;\">&#8211; puesta en valor y reconocimiento de los programas de educaci\u00f3n no formal<\/p>\n<p style=\"text-align: justify;\">&#8211; el fomento del sentimiento de pertenencia a una comunidad local, comarca de Mont\u00e1nchez tamuja y Trujillo como una comunidad global: Europa<\/p>\n<p style=\"text-align: justify;\">&#8211; aumento de la autoestima y el sentimiento de pertenencia a una comunidad local, activa y din\u00e1mica, que ofrece oportunidades (a trav\u00e9s de experiencias locales e internacionales) a sus vecinos y vecinas, especialmente a los m\u00e1s j\u00f3venes -mayor cohesi\u00f3n y comunicaci\u00f3n entre las entidades socio-culturales del municipio y zona cercanas Objetivo especificos: Entre el p\u00fablico<\/p>\n<p style=\"text-align: justify;\">&#8211; aumento de la autoestima y el sentimiento de pertenencia a una comunidad local, activa solidaria y din\u00e1mica, que ofrece oportunidades (a trav\u00e9s de experiencias locales e internacionales) a sus vecinos y vecinas, especialmente a los m\u00e1s j\u00f3venes<\/p>\n<p style=\"text-align: justify;\">&#8211; mayor cohesi\u00f3n y comunicaci\u00f3n entre las entidades socio-culturales del municipios y zona cerca de la comarcas de Montanchez -Tamuja y Adicon<\/p>\n<p style=\"text-align: justify;\">&#8211; el incremento de la participaci\u00f3n activa de los y las j\u00f3venes en el municipios de Plasenzuela y comarca. en la vida social, cultural y ciudadana de los municipio.<\/p>\n<p style=\"text-align: justify;\">&#8211; el desarrollo de la cultura del \u00abvoluntariado\u00bb Cuerpo Europeo de Solidaridad , tanto en nuestro contexto local, como en el global europeo desde lo nacional<\/p>\n<p style=\"text-align: justify;\">&#8211; puesta en valor y reconocimiento de los programas de educaci\u00f3n no formal<\/p>\n<p style=\"text-align: justify;\">&#8211; el fomento del sentimiento de pertenencia a una comunidad local, de Plasenzuela y comarca de Mont\u00e1nchez Tamuja, trujillo como una comunidad global Europea Europa.<\/p>\n<p style=\"text-align: justify;\">\n<p style=\"text-align: justify;\">\n<p style=\"text-align: justify;\">\n<p style=\"text-align: justify;\">\n<p style=\"text-align: justify;\">\n<p style=\"text-align: justify;\">\n<p style=\"text-align: justify;\">se apoya en nuestro anterior proyectos\u00bb j\u00f3venes solidarios Europeo En la Sociedad Rural, j\u00f3venes participando de las din\u00e1micas rurales y diversidad juvenil Europea como agente dinamizadores del medio rural que consiste en la activaci\u00f3n de la participaci\u00f3n juvenil a trav\u00e9s de la incorporaci\u00f3n de un\/una voluntaria\/os en cada localidad realizando las actividades de la organizaci\u00f3n acogida, a trav\u00e9s de las asociaciones locales juveniles, ama de casa, deportivas, escolares, y los diferentes servicios p\u00fablicos de cultura,<\/p>\n<p style=\"text-align: justify;\">deporte y juventud en la localidad donde tendr\u00e1 lugar el proyecto, con los que Acci\u00f3n Rural colabora regular y estrechamente. ya que dicha comarca no ofrece muchas iniciativas que (a priori) no ofrece muchas oportunidades de desarrollo y, sin embargo, gracias al trabajo de muchas personas y la conexi\u00f3n internacional que nos permite el programa Cuerpo Europeo de solidaridad, cada d\u00eda construimos m\u00e1s internacionalmente. La alianza estrat\u00e9gica entre sociedad civil organizada y administraci\u00f3n p\u00fablica que el Proyecto \u00abJ\u00f3venes Solidarios Europeos Activos en la Sociedad Rural\u00bb ha establecido con varios Aytos de la comarca permite llegar m\u00e1s lejos en los objetivos de dinamizaci\u00f3n y desarrollo de los y las j\u00f3venes de las localidades, as\u00ed como, en concreto para el presente<\/p>\n<p style=\"text-align: justify;\">proyecto, repartir las tareas relacionadas con las actividades en las que se incluir\u00e1n las personas voluntarias\u00a0 preseleccionadas. Los positivos efectos que en los y las j\u00f3venes han tenido nuestros anteriores proyectos de acogida de<\/p>\n<p style=\"text-align: justify;\">SVE\/Erasmus plus en Plasenzuela y la Cumbre zarza de Mont\u00e1nchez Torreorgaz , nos hacen querer seguir caminando el camino de dotar a nuestra localidad y comarca de m\u00e1s oportunidades de desarrollo as\u00ed como de una identidad propia y positiva en el imaginario tanto de nuestros\/as j\u00f3venes, como de los que nos visitan y resto de vecinos y vecinas<\/p>\n<p style=\"text-align: justify;\">. El contexto de desarraigo y empobrecimiento que la comarca est\u00e1 sufriendo en los \u00faltimos a\u00f1os hace que contribuir a la cohesi\u00f3n social y la participaci\u00f3n locamente y comarcal de la sociedad civil es una condici\u00f3n imprescindible para la dinamizaci\u00f3n y el desarrollo de la zona. Especialmente en los \u00faltimos a\u00f1os, la falta de oportunidades econ\u00f3micas en esta en estos pueblos y comarca se ha manifestado de forma notable en el poco desarrollo de algunas competencias entre los y las j\u00f3venes (empleabilidad, multiling\u00fcismo, habilidades personales y profesionales&#8230;). Por ello, fomentar el<\/p>\n<p style=\"text-align: justify;\">servicio de Cuerpo Europeo de Solidaridad y con ello adquirir las competencias ling\u00fc\u00edsticas y sociales que ofrece dicho proyecto ser\u00e1 una muy buena fuente de reactivaci\u00f3n de la motivaci\u00f3n de los y las j\u00f3venes afectadas por esta falta de<\/p>\n<p style=\"text-align: justify;\">Oportunidades. La convivencia con j\u00f3venes procedentes de otros pa\u00edses tambi\u00e9n fomenta la equidad, solidaridad y la inclusi\u00f3n de j\u00f3venes con dificultades de aprendizaje y obst\u00e1culos econ\u00f3micos, que es el p\u00fablico objetivo que principalmente se beneficiar\u00e1 de la presencia de las personas voluntarias europeas.<\/p>\n<p style=\"text-align: justify;\">La realizaci\u00f3n este Servicio de Voluntariado del C.E.S. en la comarca en concreto en en Plasenzuela que permitir\u00e1 fomentar el multiling\u00fcismo, tanto para las voluntarias\/os seleccionadas finalmente como para las personas que est\u00e9n en contacto con ellas durante su estancia, principalmente los y las j\u00f3venes de la comarca de la Comarcas lim\u00edtrofes . A<\/p>\n<p style=\"text-align: justify;\">trav\u00e9s de la vinculaci\u00f3n de las actividades de celebraci\u00f3n de los h\u00e9roes comarcales con la juventud europea pretendemos fomentar el sentimiento de pertenencia de los y las j\u00f3venes de Plasenzuela hacia su comunidad que es la base de la participaci\u00f3n de la sociedad civil en sus entornos. Las voluntarios\/as se incorporar\u00e1n durante las primeras semanas del mes de <strong>septiembre\u00a0 del 2020 a Plasenzuela desde su incorporaci<\/strong><strong>\u00f3<\/strong><strong>n estar<\/strong><strong>\u00e1<\/strong><strong>n en contacto directo con los y las j<\/strong><strong>\u00f3<\/strong><strong>venes del municipio. Cada servicio tendr<\/strong><strong>\u00e1<\/strong><strong> una duraci<\/strong><strong>\u00f3<\/strong><strong>n de 12 meses.<\/strong><\/p>\n<p style=\"text-align: justify;\">Las voluntarias\/os realizar\u00e1n tareas de dise\u00f1o, ejecuci\u00f3n de todo tipo de actividades socio-culturales dentro de la localidades en las que los y las j\u00f3venes participen, en colaboraci\u00f3n con otras asociaciones y colectivos del pueblo; adem\u00e1s, contribuir\u00e1n a la difusi\u00f3n del concepto de voluntariado (tanto local como internacional) y fomentar\u00e1n el<\/p>\n<p style=\"text-align: justify;\">conocimiento del programa Cuerpo Europeo de Solidaridad sus oportunidades entre los y las j\u00f3venes de Plasenzuela y todo ellos en la misma comarca La estimulaci\u00f3n y participaci\u00f3n en los proyecto precedente de Erasmus PLus , dieron los resultado , de inter\u00e9s en dichas actividades y programa, ya que se viene trabajando en Acci\u00f3n Rural, los programa de<\/p>\n<p style=\"text-align: justify;\">Erasmus plus, sve, y ello ha promovido una mayor implicaci\u00f3n en los colectivo de la comarca, se ha logrado tambi\u00e9n un concepto de Europa m\u00e1s amplio, El cuerpo solidaridad Europeo, potencia la participaci\u00f3n de los diversos colectivos en una sociedad rural, y da oportunidad a que los j\u00f3venes puedan participar en dicho programa.<\/p>\n<p style=\"text-align: justify;\">\n<p style=\"text-align: justify;\">Lunes Domingo Martes Mi\u00e9rcoles Jueves Viernes S\u00e1bado<\/p>\n<p style=\"text-align: justify;\">Hora comienzo de finalizaci\u00f3n Descripci\u00f3n de las actividades previstas<\/p>\n<p style=\"text-align: justify;\">09.30 10.00 DESCANSO preparaci\u00f3n de la actividad preparaci\u00f3n de la actividad<\/p>\n<p style=\"text-align: justify;\">9..30 11.00 DESCANSO Act. Juegos con abuelos Talleres de deporte recuperaci\u00f3n\u00a0 caminos<\/p>\n<p style=\"text-align: justify;\">11.30 14.00 DESCANSO Taller de Mayores actividad en gimnasio Potencializaci\u00f3n a la lectura taller diversa<\/p>\n<p style=\"text-align: justify;\">de petanca OlS Hora de comienza y finalizaci\u00f3n Descripci\u00f3n de las actividades<\/p>\n<p style=\"text-align: justify;\">14.00 16.00 comida comida comida comida comida comida<\/p>\n<p style=\"text-align: justify;\">Hora de comienzo y finalizaci\u00f3n Descripci\u00f3n de las actividades previstas<\/p>\n<p style=\"text-align: justify;\">15.00 17.00 DESCANSO<\/p>\n<p style=\"text-align: justify;\">17.00 18.30 DESCANSO Animaci\u00f3n a la lectura Animaci\u00f3n a la lectura Talleres pinturas Talleres\u00a0 recuperaci\u00f3n camino, medio ambiente, Imaginativa<\/p>\n<p style=\"text-align: justify;\">19.00 20.30 DESCANSO talleres ingles j\u00f3venes taller de diversos Taller de idiomas Taller Medio Ambiente<\/p>\n<p style=\"text-align: justify;\">18.30 20.00 DESCANSO Taller de teatro<\/p>\n<p style=\"text-align: justify;\">Hora de comienzo y de finalizaci\u00f3n Descripci\u00f3n de las actividades<\/p>\n<p style=\"text-align: justify;\">20.00 21.30 DESCANSO revisi\u00f3n, coordinaci\u00f3n<\/p>\n<p style=\"text-align: justify;\">Este plan de trabajo se le podr\u00e1 aportar las iniciativas, actividades que el\/la voluntaria deseen realizar en consonancia con el proyecto.<\/p>\n<p style=\"text-align: justify;\">[\/et_pb_tab][et_pb_tab title=\u00bbIngles\u00bb _builder_version=\u00bb4.4.8&#8243; body_font=\u00bb||||\u00bb body_line_height=\u00bb2em\u00bb tab_font=\u00bb|on|||\u00bb tab_font_size=\u00bb16&#8243; tab_line_height=\u00bb2em\u00bb background_size=\u00bbinitial\u00bb background_position=\u00bbtop_left\u00bb background_repeat=\u00bbrepeat\u00bb body_line_height_tablet=\u00bb2em\u00bb body_line_height_phone=\u00bb2em\u00bb tab_font_size_tablet=\u00bb16&#8243; tab_font_size_phone=\u00bb16&#8243; tab_line_height_tablet=\u00bb2em\u00bb tab_line_height_phone=\u00bb2em\u00bb]<\/p>\n<p style=\"text-align: justify;\">The main impacts sought and anticipated by the project are Among the European volunteers and participants:<br \/>&#8211; a transforming European life experience, which allows a global understanding of what Europe is globally and locally. Among the participating organizations:<br \/>&#8211; development of joint work processes in the distance and exchange of methodologies and forms of local action.<br \/>&#8211; progress in the creation of stable networks of participation of the organized civil society<br \/>GENERAL OBJECTIVES<br \/>-improve solidarity among people by respecting their cultures and traditions and aspire to build a community with shared responsibilities<br \/>&#8211; development of joint work processes at a distance and exchange of methodologies and forms of local action<br \/>-to raise awareness of the concept and need for a Europe of Solidarity among young Europeans<br \/>-encourage the participation of women in the various activities of the locality<br \/>-the increase in the active participation of young people from the municipalities of Plasenzuela and the region. in the social, cultural and civic life of the municipality- progress in the creation of stable networks for the participation of organized civil society<br \/>&#8211; the establishment of networks and connections with young people from all other European countries<br \/>-promoting healthy living through outdoor sports and organic farming practices<br \/>&#8211; the development of the culture of \u00abvolunteering\u00bb both in our local context and in the global European context<br \/>&#8211; appreciation and recognition of non-formal education programs<br \/>&#8211; the promotion of the feeling of belonging to a local community, region of Mont\u00e1nchez tamuja and Trujillo as a global community: Europe<br \/>&#8211; increase of self-esteem and feeling of belonging to a local, active and dynamic community, which offers opportunities (through local and international experiences) to its neighbors, especially the youngest ones &#8211; greater cohesion and communication between the socio-cultural entities of the municipality and nearby area Specific objective: Among the public<br \/>&#8211; increased self-esteem and sense of belonging to a local, active, supportive and dynamic community that offers opportunities (through local and international experiences) to its neighbors, especially the youngest<br \/>&#8211; greater cohesion and communication between the socio-cultural entities of the municipality and area near the regions of Montanchez-Tamuja and Adicon<br \/>&#8211; the increase in the active participation of young people in the municipality of Plasenzuela and the region in the social, cultural and civic life of the municipalities.<br \/>&#8211; the development of the culture of \u00abvoluntary work\u00bb European Solidarity Body, both in our local context, and in the global European context from the national<br \/>&#8211; appreciation and recognition of non-formal education programs<br \/>&#8211; the promotion of the feeling of belonging to a local community, of Plasenzuela and the region of Mont\u00e1nchez Tamuja, trujillo as a European global community.<\/p>\n<p style=\"text-align: justify;\">is based on our previous project \u00abyoung people in solidarity with Europe In the Rural Society, young people participating in the rural dynamics and diversity of European youth as a dynamic agent of the rural environment that consists of the activation of youth participation through the incorporation of a volunteer in each locality performing the activities of the host organization, through local youth associations, housewives, sports, school, and the various public services of culture,<br \/>sport and youth in the locality where the project will take place, with which Acci\u00f3n Rural collaborates regularly and closely. Since this region does not offer many initiatives that (a priori) do not offer many opportunities for development, and yet, thanks to the work of many people and the international connection that the European Body of Solidarity program allows us, we are building more and more internationally. The strategic alliance between organized civil society and public administration that the Project \u00abYoung European Solidarity Active in Rural Society\u00bb has established with several local councils in the region allows us to go further in the objectives of dynamization and development of young people in the towns, as well as, specifically for the present<br \/>project, distribute the tasks related to the activities in which the pre-selected volunteers will be included. The positive effects that our previous projects have had on young people<br \/>EVS\/Erasmus plus in Plasenzuela and the Cumbre zarza de Mont\u00e1nchez Torreorgaz, make us want to continue walking the path to give our town and region more opportunities for development and a positive identity in the imagination of both our young people, as those who visit us and other neighbors. The context of uprooting and impoverishment that the region has been suffering in recent years means that contributing to social cohesion and the local and regional participation of civil society is an essential condition for the dynamization and development of the area. Especially in recent years, the lack of economic opportunities in the region has manifested itself in the poor development of certain skills among young people (employability, multilingualism, personal and professional skills &#8230;). Therefore, promoting the<br \/>service of the European Solidarity Corps and thus acquire the linguistic and social skills offered by this project will be a very good source of revival of the motivation of young people affected by this lack of<br \/>Opportunities. Living together with young people from other countries also promotes equity, solidarity and the inclusion of young people with learning difficulties and economic obstacles, which is the target audience that will mainly benefit from the presence of European volunteers.<br \/>The realization of this Volunteer Service of the C.E.S. in the region, specifically in Plasenzuela, will promote multilingualism, both for the volunteers selected and for the people who are in contact with them during their stay, mainly young people from the region of the bordering regions. A<br \/>By linking the activities to celebrate the local heroes with the European youth, we aim to promote a sense of belonging among the young people of Plasenzuela to their community, which is the basis for the participation of civil society in their surroundings. The volunteers will join Plasenzuela during the first weeks of September 2020. From the moment they join, they will be in direct contact with the young people of the municipality. Each service will last 12 months.<br \/>The volunteers will carry out tasks of design, implementation of all types of socio-cultural activities within the localities in which the young people participate, in collaboration with other associations and groups of the town, also contribute to the dissemination of the concept of volunteering (both local and international) and promote the<br \/>The stimulation and participation in the previous project of Erasmus PLus, gave the results, of interest in these activities and program, since it has been working in Rural Action, the programs of<br \/>Erasmus plus, sve, and this has promoted greater involvement in the groups of the region, has also achieved a broader concept of Europe, The European body solidarity, enhances the participation of various groups in a rural society, and gives the opportunity for young people to participate in this program.<\/p>\n<p>Monday Sunday Tuesday Wednesday Thursday Friday Saturday<br \/>Start time for completion Description of planned activities<br \/>09.30 10.00 BREAK preparation of the activity preparation of the activity<br \/>9..30 11.00 REST Act. Games with grandparents Workshops of sport recovery paths<br \/>11.30 14.00 REST Major activity workshop in gymnasium Potentiation to reading diverse workshop<br \/>of OlS petanque Start and end time Description of activities<br \/>14.00 16.00 lunch lunch lunch lunch<br \/>Start and end time Description of planned activities<br \/>15.00 17.00 BREAK<br \/>17.00 18.30 REST Animation to reading Animation to reading Workshops paintings Workshops recovery path, environment, Imaginative<br \/>19.00 20.30 BREAK English workshops young people workshop various Language workshop Environment workshop<br \/>18.30 20.00 BREAK Theatre workshop<br \/>Start and end time Description of activities <br \/>20.00 21.30 BREAK Review, coordination<br \/>This work plan can provide the initiatives, activities that the volunteer wishes to carry out in line with the project.<\/p>\n<p>[\/et_pb_tab][\/et_pb_tabs][\/et_pb_column][\/et_pb_row][\/et_pb_section][et_pb_section fb_built=\u00bb1&#8243; custom_padding_last_edited=\u00bbon|desktop\u00bb admin_label=\u00bbSecci\u00f3n\u00bb _builder_version=\u00bb3.22&#8243; background_color=\u00bb#87b572&#8243; custom_padding_tablet=\u00bb50px|0|50px|0&#8243; custom_padding_phone=\u00bb\u00bb transparent_background=\u00bboff\u00bb padding_mobile=\u00bboff\u00bb make_fullwidth=\u00bboff\u00bb use_custom_width=\u00bboff\u00bb width_unit=\u00bbon\u00bb][et_pb_row admin_label=\u00bbFila\u00bb _builder_version=\u00bb3.25&#8243; background_size=\u00bbinitial\u00bb background_position=\u00bbtop_left\u00bb background_repeat=\u00bbrepeat\u00bb][et_pb_column type=\u00bb4_4&#8243; _builder_version=\u00bb3.25&#8243; custom_padding=\u00bb|||\u00bb custom_padding__hover=\u00bb|||\u00bb][et_pb_cta title=\u00bbContacta con nosotros\u00bb button_url=\u00bbhttp:\/\/www.erasmusrural.com\/index.php\/contactar\/\u00bb button_text=\u00bbContactar\u00bb admin_label=\u00bbLlamada a la acci\u00f3n\u00bb _builder_version=\u00bb3.16&#8243; background_color=\u00bb#87b572&#8243; background_size=\u00bbinitial\u00bb background_position=\u00bbtop_left\u00bb background_repeat=\u00bbrepeat\u00bb text_orientation=\u00bbleft\u00bb use_border_color=\u00bboff\u00bb border_color=\u00bb#ffffff\u00bb border_style=\u00bbsolid\u00bb button_letter_spacing_hover=\u00bb0&#8243; button_text_size__hover_enabled=\u00bboff\u00bb button_one_text_size__hover_enabled=\u00bboff\u00bb button_two_text_size__hover_enabled=\u00bboff\u00bb button_text_color__hover_enabled=\u00bboff\u00bb button_one_text_color__hover_enabled=\u00bboff\u00bb button_two_text_color__hover_enabled=\u00bboff\u00bb button_border_width__hover_enabled=\u00bboff\u00bb button_one_border_width__hover_enabled=\u00bboff\u00bb button_two_border_width__hover_enabled=\u00bboff\u00bb button_border_color__hover_enabled=\u00bboff\u00bb button_one_border_color__hover_enabled=\u00bboff\u00bb button_two_border_color__hover_enabled=\u00bboff\u00bb button_border_radius__hover_enabled=\u00bboff\u00bb button_one_border_radius__hover_enabled=\u00bboff\u00bb button_two_border_radius__hover_enabled=\u00bboff\u00bb button_letter_spacing__hover_enabled=\u00bbon\u00bb button_letter_spacing__hover=\u00bb0&#8243; button_one_letter_spacing__hover_enabled=\u00bboff\u00bb button_two_letter_spacing__hover_enabled=\u00bboff\u00bb button_bg_color__hover_enabled=\u00bboff\u00bb button_one_bg_color__hover_enabled=\u00bboff\u00bb button_two_bg_color__hover_enabled=\u00bboff\u00bb]Si estas interesado\/a, solicita m\u00e1s informaci\u00f3n, pulsa el bot\u00f3n y rellena el formulario<br \/>\n[\/et_pb_cta][\/et_pb_column][\/et_pb_row][\/et_pb_section]<\/p>\n","protected":false},"excerpt":{"rendered":"<p>Solidaridad Juvenil en el medio rural\u00bb Los principales impactos repercusiones buscados y previstos por el proyecto son: Entre las personas voluntarias europeas y participantes: &#8211; una experiencia de vida europea transformadora, que permite entender globalmente qu\u00e9 es Europa global y locamente. Entre las organizaciones participantes: &#8211; desarrollo de procesos de trabajo conjunto en la distancia [&hellip;]<\/p>\n","protected":false},"author":2,"featured_media":0,"parent":0,"menu_order":0,"comment_status":"closed","ping_status":"closed","template":"","meta":{"_et_pb_use_builder":"on","_et_pb_old_content":"","_et_gb_content_width":"","footnotes":""},"class_list":["post-381","page","type-page","status-publish","hentry"],"yoast_head":"<!-- This site is optimized with the Yoast SEO plugin v27.4 - https:\/\/yoast.com\/product\/yoast-seo-wordpress\/ -->\n<title>Solidaridad Juvenil en el Medio Rural - Web Oficial de Erasmus Rural \u00b7 Extremadura \u00b7 Espa\u00f1a<\/title>\n<meta name=\"robots\" content=\"index, follow, max-snippet:-1, max-image-preview:large, max-video-preview:-1\" \/>\n<link rel=\"canonical\" href=\"https:\/\/www.erasmusrural.com\/index.php\/solidaridad-juvenil-en-el-medio-rural\/\" \/>\n<meta property=\"og:locale\" content=\"es_ES\" \/>\n<meta property=\"og:type\" content=\"article\" \/>\n<meta property=\"og:title\" content=\"Solidaridad Juvenil en el Medio Rural - Web Oficial de Erasmus Rural \u00b7 Extremadura \u00b7 Espa\u00f1a\" \/>\n<meta property=\"og:description\" content=\"Solidaridad Juvenil en el medio rural&quot; Los principales impactos repercusiones buscados y previstos por el proyecto son: Entre las personas voluntarias europeas y participantes: - una experiencia de vida europea transformadora, que permite entender globalmente qu\u00e9 es Europa global y locamente. Entre las organizaciones participantes: - desarrollo de procesos de trabajo conjunto en la distancia [&hellip;]\" \/>\n<meta property=\"og:url\" content=\"https:\/\/www.erasmusrural.com\/index.php\/solidaridad-juvenil-en-el-medio-rural\/\" \/>\n<meta property=\"og:site_name\" content=\"Web Oficial de Erasmus Rural \u00b7 Extremadura \u00b7 Espa\u00f1a\" \/>\n<meta property=\"article:modified_time\" content=\"2022-02-25T12:05:31+00:00\" \/>\n<meta name=\"twitter:card\" content=\"summary_large_image\" \/>\n<meta name=\"twitter:label1\" content=\"Tiempo de lectura\" \/>\n\t<meta name=\"twitter:data1\" content=\"18 minutos\" \/>\n<script type=\"application\/ld+json\" class=\"yoast-schema-graph\">{\"@context\":\"https:\\\/\\\/schema.org\",\"@graph\":[{\"@type\":\"WebPage\",\"@id\":\"https:\\\/\\\/www.erasmusrural.com\\\/index.php\\\/solidaridad-juvenil-en-el-medio-rural\\\/\",\"url\":\"https:\\\/\\\/www.erasmusrural.com\\\/index.php\\\/solidaridad-juvenil-en-el-medio-rural\\\/\",\"name\":\"Solidaridad Juvenil en el Medio Rural - Web Oficial de Erasmus Rural \u00b7 Extremadura \u00b7 Espa\u00f1a\",\"isPartOf\":{\"@id\":\"https:\\\/\\\/www.erasmusrural.com\\\/#website\"},\"datePublished\":\"2020-09-07T09:48:34+00:00\",\"dateModified\":\"2022-02-25T12:05:31+00:00\",\"breadcrumb\":{\"@id\":\"https:\\\/\\\/www.erasmusrural.com\\\/index.php\\\/solidaridad-juvenil-en-el-medio-rural\\\/#breadcrumb\"},\"inLanguage\":\"es\",\"potentialAction\":[{\"@type\":\"ReadAction\",\"target\":[\"https:\\\/\\\/www.erasmusrural.com\\\/index.php\\\/solidaridad-juvenil-en-el-medio-rural\\\/\"]}]},{\"@type\":\"BreadcrumbList\",\"@id\":\"https:\\\/\\\/www.erasmusrural.com\\\/index.php\\\/solidaridad-juvenil-en-el-medio-rural\\\/#breadcrumb\",\"itemListElement\":[{\"@type\":\"ListItem\",\"position\":1,\"name\":\"Portada\",\"item\":\"https:\\\/\\\/www.erasmusrural.com\\\/\"},{\"@type\":\"ListItem\",\"position\":2,\"name\":\"Solidaridad Juvenil en el Medio Rural\"}]},{\"@type\":\"WebSite\",\"@id\":\"https:\\\/\\\/www.erasmusrural.com\\\/#website\",\"url\":\"https:\\\/\\\/www.erasmusrural.com\\\/\",\"name\":\"Web Oficial de Erasmus Rural \u00b7 Extremadura \u00b7 Espa\u00f1a\",\"description\":\"Erasmus Extremadura\",\"potentialAction\":[{\"@type\":\"SearchAction\",\"target\":{\"@type\":\"EntryPoint\",\"urlTemplate\":\"https:\\\/\\\/www.erasmusrural.com\\\/?s={search_term_string}\"},\"query-input\":{\"@type\":\"PropertyValueSpecification\",\"valueRequired\":true,\"valueName\":\"search_term_string\"}}],\"inLanguage\":\"es\"}]}<\/script>\n<!-- \/ Yoast SEO plugin. -->","yoast_head_json":{"title":"Solidaridad Juvenil en el Medio Rural - Web Oficial de Erasmus Rural \u00b7 Extremadura \u00b7 Espa\u00f1a","robots":{"index":"index","follow":"follow","max-snippet":"max-snippet:-1","max-image-preview":"max-image-preview:large","max-video-preview":"max-video-preview:-1"},"canonical":"https:\/\/www.erasmusrural.com\/index.php\/solidaridad-juvenil-en-el-medio-rural\/","og_locale":"es_ES","og_type":"article","og_title":"Solidaridad Juvenil en el Medio Rural - Web Oficial de Erasmus Rural \u00b7 Extremadura \u00b7 Espa\u00f1a","og_description":"Solidaridad Juvenil en el medio rural\" Los principales impactos repercusiones buscados y previstos por el proyecto son: Entre las personas voluntarias europeas y participantes: - una experiencia de vida europea transformadora, que permite entender globalmente qu\u00e9 es Europa global y locamente. Entre las organizaciones participantes: - desarrollo de procesos de trabajo conjunto en la distancia [&hellip;]","og_url":"https:\/\/www.erasmusrural.com\/index.php\/solidaridad-juvenil-en-el-medio-rural\/","og_site_name":"Web Oficial de Erasmus Rural \u00b7 Extremadura \u00b7 Espa\u00f1a","article_modified_time":"2022-02-25T12:05:31+00:00","twitter_card":"summary_large_image","twitter_misc":{"Tiempo de lectura":"18 minutos"},"schema":{"@context":"https:\/\/schema.org","@graph":[{"@type":"WebPage","@id":"https:\/\/www.erasmusrural.com\/index.php\/solidaridad-juvenil-en-el-medio-rural\/","url":"https:\/\/www.erasmusrural.com\/index.php\/solidaridad-juvenil-en-el-medio-rural\/","name":"Solidaridad Juvenil en el Medio Rural - Web Oficial de Erasmus Rural \u00b7 Extremadura \u00b7 Espa\u00f1a","isPartOf":{"@id":"https:\/\/www.erasmusrural.com\/#website"},"datePublished":"2020-09-07T09:48:34+00:00","dateModified":"2022-02-25T12:05:31+00:00","breadcrumb":{"@id":"https:\/\/www.erasmusrural.com\/index.php\/solidaridad-juvenil-en-el-medio-rural\/#breadcrumb"},"inLanguage":"es","potentialAction":[{"@type":"ReadAction","target":["https:\/\/www.erasmusrural.com\/index.php\/solidaridad-juvenil-en-el-medio-rural\/"]}]},{"@type":"BreadcrumbList","@id":"https:\/\/www.erasmusrural.com\/index.php\/solidaridad-juvenil-en-el-medio-rural\/#breadcrumb","itemListElement":[{"@type":"ListItem","position":1,"name":"Portada","item":"https:\/\/www.erasmusrural.com\/"},{"@type":"ListItem","position":2,"name":"Solidaridad Juvenil en el Medio Rural"}]},{"@type":"WebSite","@id":"https:\/\/www.erasmusrural.com\/#website","url":"https:\/\/www.erasmusrural.com\/","name":"Web Oficial de Erasmus Rural \u00b7 Extremadura \u00b7 Espa\u00f1a","description":"Erasmus Extremadura","potentialAction":[{"@type":"SearchAction","target":{"@type":"EntryPoint","urlTemplate":"https:\/\/www.erasmusrural.com\/?s={search_term_string}"},"query-input":{"@type":"PropertyValueSpecification","valueRequired":true,"valueName":"search_term_string"}}],"inLanguage":"es"}]}},"jetpack_sharing_enabled":true,"_links":{"self":[{"href":"https:\/\/www.erasmusrural.com\/index.php\/wp-json\/wp\/v2\/pages\/381","targetHints":{"allow":["GET"]}}],"collection":[{"href":"https:\/\/www.erasmusrural.com\/index.php\/wp-json\/wp\/v2\/pages"}],"about":[{"href":"https:\/\/www.erasmusrural.com\/index.php\/wp-json\/wp\/v2\/types\/page"}],"author":[{"embeddable":true,"href":"https:\/\/www.erasmusrural.com\/index.php\/wp-json\/wp\/v2\/users\/2"}],"replies":[{"embeddable":true,"href":"https:\/\/www.erasmusrural.com\/index.php\/wp-json\/wp\/v2\/comments?post=381"}],"version-history":[{"count":3,"href":"https:\/\/www.erasmusrural.com\/index.php\/wp-json\/wp\/v2\/pages\/381\/revisions"}],"predecessor-version":[{"id":399,"href":"https:\/\/www.erasmusrural.com\/index.php\/wp-json\/wp\/v2\/pages\/381\/revisions\/399"}],"wp:attachment":[{"href":"https:\/\/www.erasmusrural.com\/index.php\/wp-json\/wp\/v2\/media?parent=381"}],"curies":[{"name":"wp","href":"https:\/\/api.w.org\/{rel}","templated":true}]}}