{"id":330,"date":"2020-06-12T17:20:05","date_gmt":"2020-06-12T17:20:05","guid":{"rendered":"https:\/\/www.erasmusrural.com\/?page_id=330"},"modified":"2020-06-12T17:44:07","modified_gmt":"2020-06-12T17:44:07","slug":"juventud-y-cultura-europea-interactuando-en-los-pueblos","status":"publish","type":"page","link":"https:\/\/www.erasmusrural.com\/index.php\/juventud-y-cultura-europea-interactuando-en-los-pueblos\/","title":{"rendered":"Juventud y Cultura  Europea interactuando en los pueblos"},"content":{"rendered":"<p>[et_pb_section fb_built=\u00bb1&#8243; fullwidth=\u00bbon\u00bb custom_padding_last_edited=\u00bbon|desktop\u00bb admin_label=\u00bbsection\u00bb _builder_version=\u00bb3.22&#8243; background_color=\u00bb#87b572&#8243; custom_padding_tablet=\u00bb50px|0|50px|0&#8243; transparent_background=\u00bboff\u00bb padding_mobile=\u00bboff\u00bb make_fullwidth=\u00bboff\u00bb use_custom_width=\u00bboff\u00bb width_unit=\u00bbon\u00bb][et_pb_fullwidth_header title=\u00bb%22Juventud y Cultura  Europea interactuando en los pueblos %22&#8243; content_max_width=\u00bbnone\u00bb title_font_color=\u00bb#ffffff\u00bb admin_label=\u00bbT\u00edtulo de anchura completa\u00bb _builder_version=\u00bb4.4.8&#8243; title_text_color=\u00bb#ffffff\u00bb background_color=\u00bbrgba(255, 255, 255, 0)\u00bb hover_enabled=\u00bb0&#8243; button_one_letter_spacing_hover=\u00bb0&#8243; button_two_letter_spacing_hover=\u00bb0&#8243; button_one_text_size__hover_enabled=\u00bboff\u00bb button_two_text_size__hover_enabled=\u00bboff\u00bb button_one_text_color__hover_enabled=\u00bboff\u00bb button_two_text_color__hover_enabled=\u00bboff\u00bb button_one_border_width__hover_enabled=\u00bboff\u00bb button_two_border_width__hover_enabled=\u00bboff\u00bb button_one_border_color__hover_enabled=\u00bboff\u00bb button_two_border_color__hover_enabled=\u00bboff\u00bb button_one_border_radius__hover_enabled=\u00bboff\u00bb button_two_border_radius__hover_enabled=\u00bboff\u00bb button_one_letter_spacing__hover_enabled=\u00bbon\u00bb button_one_letter_spacing__hover=\u00bb0&#8243; button_two_letter_spacing__hover_enabled=\u00bbon\u00bb button_two_letter_spacing__hover=\u00bb0&#8243; button_one_bg_color__hover_enabled=\u00bboff\u00bb button_two_bg_color__hover_enabled=\u00bboff\u00bb][\/et_pb_fullwidth_header][\/et_pb_section][et_pb_section fb_built=\u00bb1&#8243; admin_label=\u00bbSecci\u00f3n\u00bb _builder_version=\u00bb3.22&#8243;][et_pb_row admin_label=\u00bbFila\u00bb _builder_version=\u00bb3.25&#8243; background_size=\u00bbinitial\u00bb background_position=\u00bbtop_left\u00bb background_repeat=\u00bbrepeat\u00bb column_structure=\u00bb1_3,2_3&#8243;][et_pb_column type=\u00bb1_3&#8243; _builder_version=\u00bb3.25&#8243; custom_padding=\u00bb|||\u00bb custom_padding__hover=\u00bb|||\u00bb][et_pb_image src=\u00bbhttps:\/\/www.erasmusrural.com\/wp-content\/uploads\/2020\/06\/20170206_075657_1488960213262_resized-scaled.jpg\u00bb align_tablet=\u00bbcenter\u00bb align_last_edited=\u00bbon|desktop\u00bb admin_label=\u00bbImagen\u00bb _builder_version=\u00bb4.4.8&#8243; animation_style=\u00bbslide\u00bb animation_direction=\u00bbleft\u00bb animation_duration=\u00bb500ms\u00bb animation_intensity_slide=\u00bb10%\u00bb hover_enabled=\u00bb0&#8243; animation=\u00bbleft\u00bb sticky=\u00bboff\u00bb use_border_color=\u00bboff\u00bb border_color=\u00bb#ffffff\u00bb border_style=\u00bbsolid\u00bb always_center_on_mobile=\u00bbon\u00bb title_text=\u00bb20170206_075657_1488960213262_resized\u00bb] [\/et_pb_image][et_pb_image src=\u00bbhttps:\/\/www.erasmusrural.com\/wp-content\/uploads\/2020\/06\/20170302_183148_resized-scaled.jpg\u00bb align_tablet=\u00bbcenter\u00bb align_last_edited=\u00bbon|desktop\u00bb admin_label=\u00bbImagen\u00bb _builder_version=\u00bb4.4.8&#8243; animation_style=\u00bbslide\u00bb animation_direction=\u00bbleft\u00bb animation_duration=\u00bb500ms\u00bb animation_intensity_slide=\u00bb10%\u00bb hover_enabled=\u00bb0&#8243; animation=\u00bbleft\u00bb sticky=\u00bboff\u00bb use_border_color=\u00bboff\u00bb border_color=\u00bb#ffffff\u00bb border_style=\u00bbsolid\u00bb always_center_on_mobile=\u00bbon\u00bb title_text=\u00bb20170302_183148_resized\u00bb] [\/et_pb_image][et_pb_image src=\u00bbhttps:\/\/www.erasmusrural.com\/wp-content\/uploads\/2020\/06\/20170207_103035_1488960193997_resized-scaled.jpg\u00bb align_tablet=\u00bbcenter\u00bb align_last_edited=\u00bbon|desktop\u00bb admin_label=\u00bbImagen\u00bb _builder_version=\u00bb4.4.8&#8243; animation_style=\u00bbslide\u00bb animation_direction=\u00bbleft\u00bb animation_duration=\u00bb500ms\u00bb animation_intensity_slide=\u00bb10%\u00bb hover_enabled=\u00bb0&#8243; animation=\u00bbleft\u00bb sticky=\u00bboff\u00bb use_border_color=\u00bboff\u00bb border_color=\u00bb#ffffff\u00bb border_style=\u00bbsolid\u00bb always_center_on_mobile=\u00bbon\u00bb title_text=\u00bb20170207_103035_1488960193997_resized\u00bb] [\/et_pb_image][\/et_pb_column][et_pb_column type=\u00bb2_3&#8243; _builder_version=\u00bb3.25&#8243; custom_padding=\u00bb|||\u00bb custom_padding__hover=\u00bb|||\u00bb][et_pb_tabs admin_label=\u00bbPesta\u00f1as\u00bb _builder_version=\u00bb4.4.8&#8243; background_size=\u00bbinitial\u00bb background_position=\u00bbtop_left\u00bb background_repeat=\u00bbrepeat\u00bb hover_enabled=\u00bb0&#8243; use_border_color=\u00bboff\u00bb border_color=\u00bb#ffffff\u00bb border_style=\u00bbsolid\u00bb][et_pb_tab title=\u00bbEspa\u00f1ol\u00bb _builder_version=\u00bb4.4.8&#8243; body_font=\u00bb||||\u00bb body_line_height=\u00bb2em\u00bb tab_font=\u00bb|on|||\u00bb tab_font_size=\u00bb16&#8243; tab_line_height=\u00bb2em\u00bb background_size=\u00bbinitial\u00bb background_position=\u00bbtop_left\u00bb background_repeat=\u00bbrepeat\u00bb hover_enabled=\u00bb0&#8243; body_line_height_tablet=\u00bb2em\u00bb body_line_height_phone=\u00bb2em\u00bb tab_font_size_tablet=\u00bb16&#8243; tab_font_size_phone=\u00bb16&#8243; tab_font_size_last_edited=\u00bboff|phone\u00bb tab_line_height_tablet=\u00bb2em\u00bb tab_line_height_phone=\u00bb2em\u00bb]<\/p>\n<p style=\"text-align: justify;\">Se desarrollar\u00e1 durante 14 meses y 12 de actividad con la participaci\u00f3n de dos voluntarios\/as europeas\/ en\u00a0 &#8211; La Cumbre\u00a0&#8211;\u00a0 y puntualmente en localidades cercanas, ya que\u00a0 al ser poblaciones cercanas comparten\u00a0 varias asociaciones, cooperativas\u00a0 y\u00a0CRA. <\/p>\n<p> El proyecto se apoya en nuestro anterior proyecto \u00abJ\u00f3venes participando de las din\u00e1micas rurales\u00a0 y diversidad juvenil Europea como agentes dinamizadores del medio rural\u201d\u00a0 que consiste en la activaci\u00f3n de la participaci\u00f3n juvenil a trav\u00e9s de la incorporaci\u00f3n de un\/una voluntaria en cada localidad realizando las actividades de la organizaci\u00f3n acogida, a trav\u00e9s de las asociaciones locales juveniles , amas de casa, deportivas, escolares, y los diferentes servicios p\u00fablicos de cultura, deporte y juventud en la\u00a0 localidad donde tendr\u00e1 lugar el proyecto, con los que Acci\u00f3n Rural &#8211; La\u00a0 Cumbre &#8211;\u00a0 colabora regular y estrechamente. Ya que la comarca\u00a0 no ofrece\u00a0 muchas iniciativas\u00a0 que (a priori) no ofrecen oportunidades de desarrollo y, sin embargo, gracias al trabajo de muchas personas y la conexi\u00f3n internacional que nos permite el programa Erasmus+ conseguimos ser internacionales.<\/p>\n<p style=\"text-align: justify;\">\n<p style=\"text-align: justify;\">La alianza estrat\u00e9gica entre sociedad civil organizada y administraci\u00f3n p\u00fablica que Proyecto j\u00f3venes participando de la diversidad cultural Europea, ha establecido con varios Ayuntamientos de la comarca permite llegar m\u00e1s lejos en los objetivos de dinamizaci\u00f3n y desarrollo de los y las j\u00f3venes de las localidades, as\u00ed como, en concreto para el presente proyecto, repartir las tareas relacionadas con las actividades en las que se incluir\u00e1n las personas voluntarias preseleccionadas. Los positivos efectos que en los y las j\u00f3venes han tenido nuestros anteriores proyectos de acogida de SVE en\u00a0 Plasenzuela, La Cumbre, Zarza de Mont\u00e1nchez y\u00a0 Torreorgaz, nos hacen querer seguir el camino de dotar a nuestra localidad\u00a0 y\u00a0 comarca de m\u00e1s oportunidades de desarrollo as\u00ed como de una identidad propia y positiva en el imaginario tanto de nuestros\/as j\u00f3venes, como de los que nos visitan y resto de vecinos y vecinas.<\/p>\n<p> El contexto de desarraigo y empobrecimiento que la comarca est\u00e1 sufriendo en los \u00faltimos a\u00f1os hace que contribuir a la cohesi\u00f3n social y la participaci\u00f3n localmente y comarcal de la sociedad civil es una condici\u00f3n imprescindible para la dinamizaci\u00f3n y el desarrollo de la zona. \u00a0<\/p>\n<p> Especialmente en los \u00faltimos a\u00f1os, la falta de oportunidades econ\u00f3micas en los pueblos y comarca se ha manifestado de forma notable en el poco desarrollo de algunas competencias entre los y las j\u00f3venes (empleabilidad,\u00a0 multiling\u00fcismo, habilidades personales y profesionales&#8230;). Por ello, fomentar el servicio de voluntariado y con ello adquirir las competencias ling\u00fc\u00edsticas y sociales que ofrece dicho proyecto ser\u00e1 una muy buena fuente de reactivaci\u00f3n de la motivaci\u00f3n de los y las j\u00f3venes afectadas por esta falta de oportunidades. La convivencia con j\u00f3venes procedentes de otros pa\u00edses tambi\u00e9n fomenta la equidad y la inclusi\u00f3n de j\u00f3venes con dificultades de aprendizaje y obst\u00e1culos econ\u00f3micos, que es el p\u00fablico objetivo que principalmente se beneficiar\u00e1 de la presencia de las personas voluntarias europeas.<\/p>\n<p> La realizaci\u00f3n de este Servicio de Voluntariado en la comarca en\u00a0concreto en la poblaci\u00f3n de La Cumbre, permitir\u00e1 fomentar el multiling\u00fc\u00edsmo, tanto para las voluntarias seleccionadas finalmente como para las personas que est\u00e9n en contacto con ellas durante su estancia, principalmente\u00a0 los y las j\u00f3venes de las comarcas\u00a0lim\u00edtrofes. A trav\u00e9s de la vinculaci\u00f3n de las actividades de celebraci\u00f3n de los h\u00e9roes comarcales con la juventud europea pretendemos fomentar el sentimiento de pertenencia de los y las j\u00f3venes de La Cumbre hacia su comunidad que es la base de la participaci\u00f3n de la sociedad civil en sus entornos. <\/p>\n<p> Las voluntarios\/as se incorporar\u00e1n durante las primeras semanas del mes de Febrero 2017 en\u00a0La\u00a0 Cumbre\u00a0\u00a0y\u00a0desde su incorporaci\u00f3n estar\u00e1n en contacto directo con los y las j\u00f3venes del municipio. Cada servicio tendr\u00e1 una duraci\u00f3n de 12 meses. Las voluntarias\/os realizar\u00e1n tareas de dise\u00f1o, ejecuci\u00f3n de todo tipo de actividades socio-culturales dentro de la localidad en las que los y las j\u00f3venes participen, en colaboraci\u00f3n con otras asociaciones y colectivos del pueblo; adem\u00e1s, contribuir\u00e1n a la difusi\u00f3n del concepto de voluntariado (tanto local como internacional) y fomentar\u00e1n el conocimiento del programa Erasmus+ y sus oportunidades entre los y las j\u00f3venes de\u00a0 La\u00a0\u00a0 Cumbre y\u00a0 todo ello en la misma comarca.<\/p>\n<p>[\/et_pb_tab][et_pb_tab title=\u00bbIngles\u00bb _builder_version=\u00bb4.4.8&#8243; body_font=\u00bb||||\u00bb body_line_height=\u00bb2em\u00bb tab_font=\u00bb|on|||\u00bb tab_font_size=\u00bb16&#8243; tab_line_height=\u00bb2em\u00bb background_size=\u00bbinitial\u00bb background_position=\u00bbtop_left\u00bb background_repeat=\u00bbrepeat\u00bb hover_enabled=\u00bb0&#8243; body_line_height_tablet=\u00bb2em\u00bb body_line_height_phone=\u00bb2em\u00bb tab_font_size_tablet=\u00bb16&#8243; tab_font_size_phone=\u00bb16&#8243; tab_line_height_tablet=\u00bb2em\u00bb tab_line_height_phone=\u00bb2em\u00bb]<\/p>\n<p style=\"text-align: justify;\">It will take place during 14 months and 12 of activity with the participation of two European volunteers \/ in &#8211; La Cumbre &#8211; and punctually in nearby towns, since being nearby towns they share several associations, cooperatives and CRA.<\/p>\n<p style=\"text-align: justify;\">The project is based on our previous project \u00abYoung people participating in rural dynamics and European youth diversity as dynamic agents of the rural environment\u00bb which consists of activating youth participation through the incorporation of a volunteer in each locality, carrying out the activities of the host organization, through local youth associations, housewives, sports, schoolchildren, and the different public services of culture, sports and youth in the town where the project will take place, with which Acci\u00f3n Rural &#8211; La Cumbre &#8211; It collaborates regularly and closely, since the region does not offer many initiatives that (a priori) do not offer development opportunities and, nevertheless, thanks to the work of many people and the international connection that the Erasmus + program allows us, we managed to become international.<\/p>\n<p style=\"text-align: justify;\">The strategic alliance between organized civil society and public administration that the Young People Participating in European Cultural Diversity Project has established with various municipalities of the region allows us to go further in the objectives of dynamization and development of local youth, as well as , specifically for the present project, to distribute the tasks related to the activities in which the preselected volunteers will be included. The positive effects that our previous SVE reception projects have had on young people in Plasenzuela, La Cumbre, Zarza de Mont\u00e1nchez and Torreorgaz, make us want to continue on the path of providing our town and region with more development opportunities as well as of an own and positive identity in the imaginary of both our young people, those who visit us and the rest of the neighbors.<\/p>\n<p style=\"text-align: justify;\">The context of uprooting and impoverishment that the region has been suffering in recent years means that contributing to social cohesion and the local and regional participation of civil society is an essential condition for the revitalization and development of the area.<\/p>\n<p style=\"text-align: justify;\">\n<p style=\"text-align: justify;\">Especially in recent years, the lack of economic opportunities in towns and regions has manifested itself notably in the poor development of some skills among young people (employability, multilingualism, personal and professional skills &#8230;). Therefore, promoting the volunteer service and thereby acquiring the linguistic and social skills offered by this project will be a very good source of reactivation of the motivation of the young people affected by this lack of opportunities. Living with young people from other countries also fosters equity and the inclusion of young people with learning difficulties and economic obstacles, which is the target audience that will mainly benefit from the presence of European volunteers.<\/p>\n<p style=\"text-align: justify;\">The realization of this Voluntary Service in the region, specifically in the town of La Cumbre, will allow promoting multilingualism, both for the volunteers finally selected and for the people who are in contact with them during their stay, mainly young people from bordering regions. By linking the activities to celebrate the regional heroes with European youth, we aim to promote the feeling of belonging of the youth of La Cumbre to their community, which is the basis for the participation of civil society in their environments.<\/p>\n<p style=\"text-align: justify;\">\n<p style=\"text-align: justify;\">The volunteers will be incorporated during the first weeks of February 2017 at La Cumbre and from their incorporation they will be in direct contact with the youth of the municipality. Each service will last 12 months. The volunteers will carry out design tasks, execution of all kinds of socio-cultural activities within the locality in which the youth participate, in collaboration with other associations and groups of the people; In addition, they will contribute to the dissemination of the concept of volunteering (both local and international) and will promote awareness of the Erasmus + program and its opportunities among young people in La Cumbre and all in the same region.<\/p>\n<p>[\/et_pb_tab][\/et_pb_tabs][\/et_pb_column][\/et_pb_row][\/et_pb_section][et_pb_section fb_built=\u00bb1&#8243; custom_padding_last_edited=\u00bbon|desktop\u00bb admin_label=\u00bbSecci\u00f3n\u00bb _builder_version=\u00bb3.22&#8243; background_color=\u00bb#87b572&#8243; custom_padding_tablet=\u00bb50px|0|50px|0&#8243; transparent_background=\u00bboff\u00bb padding_mobile=\u00bboff\u00bb make_fullwidth=\u00bboff\u00bb use_custom_width=\u00bboff\u00bb width_unit=\u00bbon\u00bb][et_pb_row admin_label=\u00bbFila\u00bb _builder_version=\u00bb3.25&#8243; background_size=\u00bbinitial\u00bb background_position=\u00bbtop_left\u00bb background_repeat=\u00bbrepeat\u00bb][et_pb_column type=\u00bb4_4&#8243; _builder_version=\u00bb3.25&#8243; custom_padding=\u00bb|||\u00bb custom_padding__hover=\u00bb|||\u00bb][et_pb_cta title=\u00bbContacta con nosotros\u00bb button_url=\u00bbhttp:\/\/www.erasmusrural.com\/index.php\/contactar\/\u00bb button_text=\u00bbContactar\u00bb admin_label=\u00bbLlamada a la acci\u00f3n\u00bb _builder_version=\u00bb3.16&#8243; background_color=\u00bb#87b572&#8243; background_size=\u00bbinitial\u00bb background_position=\u00bbtop_left\u00bb background_repeat=\u00bbrepeat\u00bb text_orientation=\u00bbleft\u00bb use_border_color=\u00bboff\u00bb border_color=\u00bb#ffffff\u00bb border_style=\u00bbsolid\u00bb button_letter_spacing_hover=\u00bb0&#8243; button_text_size__hover_enabled=\u00bboff\u00bb button_one_text_size__hover_enabled=\u00bboff\u00bb button_two_text_size__hover_enabled=\u00bboff\u00bb button_text_color__hover_enabled=\u00bboff\u00bb button_one_text_color__hover_enabled=\u00bboff\u00bb button_two_text_color__hover_enabled=\u00bboff\u00bb button_border_width__hover_enabled=\u00bboff\u00bb button_one_border_width__hover_enabled=\u00bboff\u00bb button_two_border_width__hover_enabled=\u00bboff\u00bb button_border_color__hover_enabled=\u00bboff\u00bb button_one_border_color__hover_enabled=\u00bboff\u00bb button_two_border_color__hover_enabled=\u00bboff\u00bb button_border_radius__hover_enabled=\u00bboff\u00bb button_one_border_radius__hover_enabled=\u00bboff\u00bb button_two_border_radius__hover_enabled=\u00bboff\u00bb button_letter_spacing__hover_enabled=\u00bbon\u00bb button_letter_spacing__hover=\u00bb0&#8243; button_one_letter_spacing__hover_enabled=\u00bboff\u00bb button_two_letter_spacing__hover_enabled=\u00bboff\u00bb button_bg_color__hover_enabled=\u00bboff\u00bb button_one_bg_color__hover_enabled=\u00bboff\u00bb button_two_bg_color__hover_enabled=\u00bboff\u00bb]Si estas interesado\/a, solicita m\u00e1s informaci\u00f3n, pulsa el bot\u00f3n y rellena el formulario<br \/>\n[\/et_pb_cta][\/et_pb_column][\/et_pb_row][\/et_pb_section]<\/p>\n","protected":false},"excerpt":{"rendered":"<p>Se desarrollar\u00e1 durante 14 meses y 12 de actividad con la participaci\u00f3n de dos voluntarios\/as europeas\/ en\u00a0 &#8211; La Cumbre\u00a0&#8211;\u00a0 y puntualmente en localidades cercanas, ya que\u00a0 al ser poblaciones cercanas comparten\u00a0 varias asociaciones, cooperativas\u00a0 y\u00a0CRA. El proyecto se apoya en nuestro anterior proyecto \u00abJ\u00f3venes participando de las din\u00e1micas rurales\u00a0 y diversidad juvenil Europea como [&hellip;]<\/p>\n","protected":false},"author":2,"featured_media":0,"parent":0,"menu_order":0,"comment_status":"closed","ping_status":"closed","template":"","meta":{"_et_pb_use_builder":"on","_et_pb_old_content":"","_et_gb_content_width":"","footnotes":""},"class_list":["post-330","page","type-page","status-publish","hentry"],"yoast_head":"<!-- This site is optimized with the Yoast SEO plugin v27.4 - https:\/\/yoast.com\/product\/yoast-seo-wordpress\/ -->\n<title>Juventud y Cultura Europea interactuando en los pueblos - Web Oficial de Erasmus Rural \u00b7 Extremadura \u00b7 Espa\u00f1a<\/title>\n<meta name=\"robots\" content=\"index, follow, max-snippet:-1, max-image-preview:large, max-video-preview:-1\" \/>\n<link rel=\"canonical\" href=\"https:\/\/www.erasmusrural.com\/index.php\/juventud-y-cultura-europea-interactuando-en-los-pueblos\/\" \/>\n<meta property=\"og:locale\" content=\"es_ES\" \/>\n<meta property=\"og:type\" content=\"article\" \/>\n<meta property=\"og:title\" content=\"Juventud y Cultura Europea interactuando en los pueblos - Web Oficial de Erasmus Rural \u00b7 Extremadura \u00b7 Espa\u00f1a\" \/>\n<meta property=\"og:description\" content=\"Se desarrollar\u00e1 durante 14 meses y 12 de actividad con la participaci\u00f3n de dos voluntarios\/as europeas\/ en\u00a0 - La Cumbre\u00a0-\u00a0 y puntualmente en localidades cercanas, ya que\u00a0 al ser poblaciones cercanas comparten\u00a0 varias asociaciones, cooperativas\u00a0 y\u00a0CRA. El proyecto se apoya en nuestro anterior proyecto &quot;J\u00f3venes participando de las din\u00e1micas rurales\u00a0 y diversidad juvenil Europea como [&hellip;]\" \/>\n<meta property=\"og:url\" content=\"https:\/\/www.erasmusrural.com\/index.php\/juventud-y-cultura-europea-interactuando-en-los-pueblos\/\" \/>\n<meta property=\"og:site_name\" content=\"Web Oficial de Erasmus Rural \u00b7 Extremadura \u00b7 Espa\u00f1a\" \/>\n<meta property=\"article:modified_time\" content=\"2020-06-12T17:44:07+00:00\" \/>\n<meta name=\"twitter:card\" content=\"summary_large_image\" \/>\n<meta name=\"twitter:label1\" content=\"Tiempo de lectura\" \/>\n\t<meta name=\"twitter:data1\" content=\"12 minutos\" \/>\n<script type=\"application\/ld+json\" class=\"yoast-schema-graph\">{\"@context\":\"https:\\\/\\\/schema.org\",\"@graph\":[{\"@type\":\"WebPage\",\"@id\":\"https:\\\/\\\/www.erasmusrural.com\\\/index.php\\\/juventud-y-cultura-europea-interactuando-en-los-pueblos\\\/\",\"url\":\"https:\\\/\\\/www.erasmusrural.com\\\/index.php\\\/juventud-y-cultura-europea-interactuando-en-los-pueblos\\\/\",\"name\":\"Juventud y Cultura Europea interactuando en los pueblos - Web Oficial de Erasmus Rural \u00b7 Extremadura \u00b7 Espa\u00f1a\",\"isPartOf\":{\"@id\":\"https:\\\/\\\/www.erasmusrural.com\\\/#website\"},\"datePublished\":\"2020-06-12T17:20:05+00:00\",\"dateModified\":\"2020-06-12T17:44:07+00:00\",\"breadcrumb\":{\"@id\":\"https:\\\/\\\/www.erasmusrural.com\\\/index.php\\\/juventud-y-cultura-europea-interactuando-en-los-pueblos\\\/#breadcrumb\"},\"inLanguage\":\"es\",\"potentialAction\":[{\"@type\":\"ReadAction\",\"target\":[\"https:\\\/\\\/www.erasmusrural.com\\\/index.php\\\/juventud-y-cultura-europea-interactuando-en-los-pueblos\\\/\"]}]},{\"@type\":\"BreadcrumbList\",\"@id\":\"https:\\\/\\\/www.erasmusrural.com\\\/index.php\\\/juventud-y-cultura-europea-interactuando-en-los-pueblos\\\/#breadcrumb\",\"itemListElement\":[{\"@type\":\"ListItem\",\"position\":1,\"name\":\"Portada\",\"item\":\"https:\\\/\\\/www.erasmusrural.com\\\/\"},{\"@type\":\"ListItem\",\"position\":2,\"name\":\"Juventud y Cultura Europea interactuando en los pueblos\"}]},{\"@type\":\"WebSite\",\"@id\":\"https:\\\/\\\/www.erasmusrural.com\\\/#website\",\"url\":\"https:\\\/\\\/www.erasmusrural.com\\\/\",\"name\":\"Web Oficial de Erasmus Rural \u00b7 Extremadura \u00b7 Espa\u00f1a\",\"description\":\"Erasmus Extremadura\",\"potentialAction\":[{\"@type\":\"SearchAction\",\"target\":{\"@type\":\"EntryPoint\",\"urlTemplate\":\"https:\\\/\\\/www.erasmusrural.com\\\/?s={search_term_string}\"},\"query-input\":{\"@type\":\"PropertyValueSpecification\",\"valueRequired\":true,\"valueName\":\"search_term_string\"}}],\"inLanguage\":\"es\"}]}<\/script>\n<!-- \/ Yoast SEO plugin. -->","yoast_head_json":{"title":"Juventud y Cultura Europea interactuando en los pueblos - Web Oficial de Erasmus Rural \u00b7 Extremadura \u00b7 Espa\u00f1a","robots":{"index":"index","follow":"follow","max-snippet":"max-snippet:-1","max-image-preview":"max-image-preview:large","max-video-preview":"max-video-preview:-1"},"canonical":"https:\/\/www.erasmusrural.com\/index.php\/juventud-y-cultura-europea-interactuando-en-los-pueblos\/","og_locale":"es_ES","og_type":"article","og_title":"Juventud y Cultura Europea interactuando en los pueblos - Web Oficial de Erasmus Rural \u00b7 Extremadura \u00b7 Espa\u00f1a","og_description":"Se desarrollar\u00e1 durante 14 meses y 12 de actividad con la participaci\u00f3n de dos voluntarios\/as europeas\/ en\u00a0 - La Cumbre\u00a0-\u00a0 y puntualmente en localidades cercanas, ya que\u00a0 al ser poblaciones cercanas comparten\u00a0 varias asociaciones, cooperativas\u00a0 y\u00a0CRA. El proyecto se apoya en nuestro anterior proyecto \"J\u00f3venes participando de las din\u00e1micas rurales\u00a0 y diversidad juvenil Europea como [&hellip;]","og_url":"https:\/\/www.erasmusrural.com\/index.php\/juventud-y-cultura-europea-interactuando-en-los-pueblos\/","og_site_name":"Web Oficial de Erasmus Rural \u00b7 Extremadura \u00b7 Espa\u00f1a","article_modified_time":"2020-06-12T17:44:07+00:00","twitter_card":"summary_large_image","twitter_misc":{"Tiempo de lectura":"12 minutos"},"schema":{"@context":"https:\/\/schema.org","@graph":[{"@type":"WebPage","@id":"https:\/\/www.erasmusrural.com\/index.php\/juventud-y-cultura-europea-interactuando-en-los-pueblos\/","url":"https:\/\/www.erasmusrural.com\/index.php\/juventud-y-cultura-europea-interactuando-en-los-pueblos\/","name":"Juventud y Cultura Europea interactuando en los pueblos - Web Oficial de Erasmus Rural \u00b7 Extremadura \u00b7 Espa\u00f1a","isPartOf":{"@id":"https:\/\/www.erasmusrural.com\/#website"},"datePublished":"2020-06-12T17:20:05+00:00","dateModified":"2020-06-12T17:44:07+00:00","breadcrumb":{"@id":"https:\/\/www.erasmusrural.com\/index.php\/juventud-y-cultura-europea-interactuando-en-los-pueblos\/#breadcrumb"},"inLanguage":"es","potentialAction":[{"@type":"ReadAction","target":["https:\/\/www.erasmusrural.com\/index.php\/juventud-y-cultura-europea-interactuando-en-los-pueblos\/"]}]},{"@type":"BreadcrumbList","@id":"https:\/\/www.erasmusrural.com\/index.php\/juventud-y-cultura-europea-interactuando-en-los-pueblos\/#breadcrumb","itemListElement":[{"@type":"ListItem","position":1,"name":"Portada","item":"https:\/\/www.erasmusrural.com\/"},{"@type":"ListItem","position":2,"name":"Juventud y Cultura Europea interactuando en los pueblos"}]},{"@type":"WebSite","@id":"https:\/\/www.erasmusrural.com\/#website","url":"https:\/\/www.erasmusrural.com\/","name":"Web Oficial de Erasmus Rural \u00b7 Extremadura \u00b7 Espa\u00f1a","description":"Erasmus Extremadura","potentialAction":[{"@type":"SearchAction","target":{"@type":"EntryPoint","urlTemplate":"https:\/\/www.erasmusrural.com\/?s={search_term_string}"},"query-input":{"@type":"PropertyValueSpecification","valueRequired":true,"valueName":"search_term_string"}}],"inLanguage":"es"}]}},"jetpack_sharing_enabled":true,"_links":{"self":[{"href":"https:\/\/www.erasmusrural.com\/index.php\/wp-json\/wp\/v2\/pages\/330","targetHints":{"allow":["GET"]}}],"collection":[{"href":"https:\/\/www.erasmusrural.com\/index.php\/wp-json\/wp\/v2\/pages"}],"about":[{"href":"https:\/\/www.erasmusrural.com\/index.php\/wp-json\/wp\/v2\/types\/page"}],"author":[{"embeddable":true,"href":"https:\/\/www.erasmusrural.com\/index.php\/wp-json\/wp\/v2\/users\/2"}],"replies":[{"embeddable":true,"href":"https:\/\/www.erasmusrural.com\/index.php\/wp-json\/wp\/v2\/comments?post=330"}],"version-history":[{"count":3,"href":"https:\/\/www.erasmusrural.com\/index.php\/wp-json\/wp\/v2\/pages\/330\/revisions"}],"predecessor-version":[{"id":351,"href":"https:\/\/www.erasmusrural.com\/index.php\/wp-json\/wp\/v2\/pages\/330\/revisions\/351"}],"wp:attachment":[{"href":"https:\/\/www.erasmusrural.com\/index.php\/wp-json\/wp\/v2\/media?parent=330"}],"curies":[{"name":"wp","href":"https:\/\/api.w.org\/{rel}","templated":true}]}}