{"id":251,"date":"2016-03-09T13:10:59","date_gmt":"2016-03-09T13:10:59","guid":{"rendered":"http:\/\/www.erasmusrural.com\/?page_id=251"},"modified":"2016-07-03T11:21:22","modified_gmt":"2016-07-03T11:21:22","slug":"descripcion-del-proyecto","status":"publish","type":"page","link":"https:\/\/www.erasmusrural.com\/index.php\/descripcion-del-proyecto\/","title":{"rendered":"J\u00f3venes participando de las din\u00e1micas rurales"},"content":{"rendered":"<p>[et_pb_section admin_label=\u00bbsection\u00bb fullwidth=\u00bbon\u00bb specialty=\u00bboff\u00bb transparent_background=\u00bboff\u00bb background_color=\u00bb#87b572&#8243; allow_player_pause=\u00bboff\u00bb inner_shadow=\u00bboff\u00bb parallax=\u00bboff\u00bb parallax_method=\u00bboff\u00bb padding_mobile=\u00bboff\u00bb make_fullwidth=\u00bboff\u00bb use_custom_width=\u00bboff\u00bb width_unit=\u00bbon\u00bb make_equal=\u00bboff\u00bb use_custom_gutter=\u00bboff\u00bb gutter_width=\u00bb3&#8243;][et_pb_fullwidth_header admin_label=\u00bbT\u00edtulo de anchura completa\u00bb title=\u00bb%22J\u00f3venes participando de las din\u00e1micas rurales%22&#8243; background_layout=\u00bbdark\u00bb text_orientation=\u00bbleft\u00bb header_fullscreen=\u00bboff\u00bb header_scroll_down=\u00bboff\u00bb parallax=\u00bboff\u00bb parallax_method=\u00bboff\u00bb content_orientation=\u00bbcenter\u00bb image_orientation=\u00bbcenter\u00bb custom_button_one=\u00bboff\u00bb button_one_text_size=\u00bb20&#8243; button_one_border_width=\u00bb2&#8243; button_one_border_radius=\u00bb3&#8243; button_one_letter_spacing=\u00bb0&#8243; button_one_use_icon=\u00bbdefault\u00bb button_one_icon_placement=\u00bbright\u00bb button_one_on_hover=\u00bbon\u00bb button_one_border_radius_hover=\u00bb3&#8243; button_one_letter_spacing_hover=\u00bb0&#8243; custom_button_two=\u00bboff\u00bb button_two_text_size=\u00bb20&#8243; button_two_border_width=\u00bb2&#8243; button_two_border_radius=\u00bb3&#8243; button_two_letter_spacing=\u00bb0&#8243; button_two_use_icon=\u00bbdefault\u00bb button_two_icon_placement=\u00bbright\u00bb button_two_on_hover=\u00bbon\u00bb button_two_border_radius_hover=\u00bb3&#8243; button_two_letter_spacing_hover=\u00bb0&#8243; title_font_color=\u00bb#ffffff\u00bb subhead=\u00bbRF: 2015-2-ES02-KA105-006234 \u00ab] [\/et_pb_fullwidth_header][\/et_pb_section][et_pb_section admin_label=\u00bbSecci\u00f3n\u00bb fullwidth=\u00bboff\u00bb specialty=\u00bboff\u00bb][et_pb_row admin_label=\u00bbFila\u00bb][et_pb_column type=\u00bb1_3&#8243;][et_pb_image admin_label=\u00bbImagen\u00bb src=\u00bbhttp:\/\/www.erasmusrural.com\/wp-content\/uploads\/2016\/03\/MAYORES-1.jpg\u00bb show_in_lightbox=\u00bboff\u00bb url_new_window=\u00bboff\u00bb animation=\u00bbleft\u00bb sticky=\u00bboff\u00bb align=\u00bbleft\u00bb force_fullwidth=\u00bboff\u00bb always_center_on_mobile=\u00bbon\u00bb use_border_color=\u00bboff\u00bb border_color=\u00bb#ffffff\u00bb border_style=\u00bbsolid\u00bb] [\/et_pb_image][et_pb_image admin_label=\u00bbImagen\u00bb src=\u00bbhttp:\/\/www.erasmusrural.com\/wp-content\/uploads\/2016\/03\/AULA-PC-1.jpg\u00bb show_in_lightbox=\u00bboff\u00bb url_new_window=\u00bboff\u00bb animation=\u00bbleft\u00bb sticky=\u00bboff\u00bb align=\u00bbleft\u00bb force_fullwidth=\u00bboff\u00bb always_center_on_mobile=\u00bbon\u00bb use_border_color=\u00bboff\u00bb border_color=\u00bb#ffffff\u00bb border_style=\u00bbsolid\u00bb] [\/et_pb_image][et_pb_image admin_label=\u00bbImagen\u00bb src=\u00bbhttp:\/\/www.erasmusrural.com\/wp-content\/uploads\/2016\/03\/CARNAVAL-2016-10.jpg\u00bb show_in_lightbox=\u00bboff\u00bb url_new_window=\u00bboff\u00bb animation=\u00bbleft\u00bb sticky=\u00bboff\u00bb align=\u00bbleft\u00bb force_fullwidth=\u00bboff\u00bb always_center_on_mobile=\u00bbon\u00bb use_border_color=\u00bboff\u00bb border_color=\u00bb#ffffff\u00bb border_style=\u00bbsolid\u00bb] [\/et_pb_image][et_pb_image admin_label=\u00bbImagen\u00bb src=\u00bbhttp:\/\/www.erasmusrural.com\/wp-content\/uploads\/2016\/03\/VOLUNTARIOS-2.jpg\u00bb show_in_lightbox=\u00bboff\u00bb url_new_window=\u00bboff\u00bb animation=\u00bbleft\u00bb sticky=\u00bboff\u00bb align=\u00bbleft\u00bb force_fullwidth=\u00bboff\u00bb always_center_on_mobile=\u00bbon\u00bb use_border_color=\u00bboff\u00bb border_color=\u00bb#ffffff\u00bb border_style=\u00bbsolid\u00bb] [\/et_pb_image][et_pb_image admin_label=\u00bbImagen\u00bb src=\u00bbhttp:\/\/www.erasmusrural.com\/wp-content\/uploads\/2016\/03\/VOLUNTARIOS-3.jpg\u00bb show_in_lightbox=\u00bboff\u00bb url_new_window=\u00bboff\u00bb animation=\u00bbleft\u00bb sticky=\u00bboff\u00bb align=\u00bbleft\u00bb force_fullwidth=\u00bboff\u00bb always_center_on_mobile=\u00bbon\u00bb use_border_color=\u00bboff\u00bb border_color=\u00bb#ffffff\u00bb border_style=\u00bbsolid\u00bb] [\/et_pb_image][\/et_pb_column][et_pb_column type=\u00bb2_3&#8243;][et_pb_text admin_label=\u00bbTexto\u00bb background_layout=\u00bblight\u00bb text_orientation=\u00bbleft\u00bb text_font_size=\u00bb14&#8243; use_border_color=\u00bboff\u00bb border_color=\u00bb#ffffff\u00bb border_style=\u00bbsolid\u00bb]<\/p>\n<p style=\"text-align: justify;\">El proyecto \u00abj\u00f3venes participando de las din\u00e1micas rurales\u00bb se desarrollar\u00e1 durante 12 meses con la participaci\u00f3n de cuatro voluntarios\/as europeos\/as en Plasenzuela y Torreorgaz, y puntualmente en localidades cercanas, ya que al estar pr\u00f3ximas comparten varias asociaciones, y C.R.A.<\/p>\n<p style=\"text-align: justify;\">El proyecto se apoya en nuestro anterior proyecto \u00abJ\u00f3venes participando de las din\u00e1micas rurales\u201d que consiste en la activaci\u00f3n de la participaci\u00f3n juvenil a trav\u00e9s de la incorporaci\u00f3n de un voluntario en cada localidad realizando las actividades de la organizaci\u00f3n acogida a trav\u00e9s de las asociaciones locales juveniles, amas de casa, deportivas, escolares, y los diferentes servicios p\u00fablicos de cultura, deporte y juventud en la localidad donde tendr\u00e1 lugar el proyecto. Es con ellos con quien Acci\u00f3n Rural colabora estrechamente y de forma peri\u00f3dica, ya que dicha comarca no ofrece muchas iniciativas que -a priori- no brinda muchas oportunidades de desarrollo y, sin embargo, gracias al trabajo de muchas personas y a la conexi\u00f3n internacional que nos permite el programa Erasmus+ cada d\u00eda construimos m\u00e1s internacionalmente.<\/p>\n<p style=\"text-align: justify;\">La alianza estrat\u00e9gica entre sociedad civil organizada y Administraci\u00f3n p\u00fablica hace que el proyecto \u201cJ\u00f3venes participando de la diversidad cultural Europea\u201d se haya establecido con varios ayuntamientos \u00a0de la comarca, lo cual permite llegar m\u00e1s lejos en los objetivos de dinamizaci\u00f3n y desarrollo de los j\u00f3venes de las localidades, as\u00ed como, en concreto, para el presente proyecto, repartir las tareas relacionadas con las actividades en las que se incluir\u00e1n las personas voluntarias preseleccionadas. Los efectos positivos que en los j\u00f3venes han tenido nuestros anteriores proyectos de acogida de SVE en Plasenzuela y la Cumbre nos hacen querer seguir caminando para dotar a nuestra localidad y comarca de m\u00e1s oportunidades de desarrollo, as\u00ed como de una identidad propia y positiva en el imaginario tanto de nuestros j\u00f3venes, como de los que nos visitan y resto de vecinos.<\/p>\n<p style=\"text-align: justify;\">El contexto de desarraigo y empobrecimiento que la comarca est\u00e1 sufriendo en los \u00faltimos a\u00f1os hace que contribuir a la cohesi\u00f3n social y a la participaci\u00f3n local y comarcal de la sociedad civil sea una condici\u00f3n imprescindible para la dinamizaci\u00f3n y el desarrollo de la zona.<\/p>\n<p style=\"text-align: justify;\">Especialmente en los \u00faltimos a\u00f1os, la falta de oportunidades econ\u00f3micas de la comarca y sus poblaciones se ha manifestado de forma notable en el poco desarrollo de algunas competencias entre los j\u00f3venes (empleabilidad,\u00a0 multiling\u00fcismo, habilidades personales y profesionales&#8230;). Por ello, fomentar el servicio de voluntariado y con ello adquirir las competencias ling\u00fc\u00edsticas y sociales que ofrece dicho proyecto ser\u00e1 una muy buena fuente de reactivaci\u00f3n de la motivaci\u00f3n de los j\u00f3venes afectados por esta falta de oportunidades. La convivencia con j\u00f3venes procedentes de otros pa\u00edses tambi\u00e9n fomenta la equidad y la inclusi\u00f3n de los mismos con dificultades de aprendizaje y obst\u00e1culos econ\u00f3micos, que es el p\u00fablico objetivo que principalmente se beneficiar\u00e1 de la presencia de las personas voluntarias europeas.<\/p>\n<p style=\"text-align: justify;\">La realizaci\u00f3n de este Servicio de Voluntariado en la comarca de Plasenzuela y Torreorgaz\u00a0\u00a0 permitir\u00e1 fomentar el multiling\u00fcismo, tanto para los voluntarios\/as seleccionados finalmente como para las personas que est\u00e9n en contacto con ellos durante su estancia, principalmente\u00a0 los y las j\u00f3venes de las comarcas lim\u00edtrofes. A trav\u00e9s de la vinculaci\u00f3n de las actividades de celebraci\u00f3n con la juventud europea pretendemos fomentar el sentimiento de pertenencia de los y las j\u00f3venes de Plasenzuela y Torreorgaz\u00a0 hacia su comunidad, que es la base de la participaci\u00f3n de la sociedad civil en sus entornos.<\/p>\n<p style=\"text-align: justify;\">Las voluntarios\/as se incorporar\u00e1n durante las primeras semanas del mes de septiembre de 2015 en Torreorgaz, Zarza de Mont\u00e1nchez y Plasenzuela, y desde su incorporaci\u00f3n estar\u00e1n en contacto directo con los y las j\u00f3venes del municipio. Cada servicio tendr\u00e1 una duraci\u00f3n de 12 meses. Los voluntarias\/os realizar\u00e1n tareas de dise\u00f1o, ejecuci\u00f3n de todo tipo de actividades socioculturales dentro de la localidad en las que los j\u00f3venes participen, en colaboraci\u00f3n con otras asociaciones y colectivos del pueblo; adem\u00e1s, contribuir\u00e1n a la difusi\u00f3n del concepto de voluntariado (tanto local como internacional) y fomentar\u00e1n el conocimiento del programa Erasmus+ y sus oportunidades entre los j\u00f3venes de\u00a0 Plasenzuela y Torreorgaz.<\/p>\n<p style=\"text-align: justify;\">Desde Acci\u00f3n Rural siempre hemos fomentado y participado en cooperaci\u00f3n con asociaciones locales a fin de poder establecer relaciones de calidad a medio y largo plazo. Todas nuestras actividades parten del \u00e1mbito local para efectuar un positivo impacto de forma global. Queremos que la colaboraci\u00f3n con los socios tanto en \u00e9ste como en futuros proyectos tenga un matiz social, local y directo, con criterios de calidad y estabilidad.<\/p>\n<p>[\/et_pb_text][\/et_pb_column][\/et_pb_row][\/et_pb_section][et_pb_section admin_label=\u00bbSecci\u00f3n\u00bb fullwidth=\u00bboff\u00bb specialty=\u00bboff\u00bb transparent_background=\u00bboff\u00bb background_color=\u00bb#87b572&#8243; allow_player_pause=\u00bboff\u00bb inner_shadow=\u00bboff\u00bb parallax=\u00bboff\u00bb parallax_method=\u00bboff\u00bb padding_mobile=\u00bboff\u00bb make_fullwidth=\u00bboff\u00bb use_custom_width=\u00bboff\u00bb width_unit=\u00bbon\u00bb make_equal=\u00bboff\u00bb use_custom_gutter=\u00bboff\u00bb gutter_width=\u00bb3&#8243;][et_pb_row admin_label=\u00bbFila\u00bb][et_pb_column type=\u00bb4_4&#8243;][et_pb_cta admin_label=\u00bbLlamada a la acci\u00f3n\u00bb title=\u00bbContacta con nosotros\u00bb button_url=\u00bbhttp:\/\/www.erasmusrural.com\/index.php\/contactar\/\u00bb url_new_window=\u00bboff\u00bb button_text=\u00bbContactar\u00bb use_background_color=\u00bbon\u00bb background_color=\u00bb#87b572&#8243; background_layout=\u00bbdark\u00bb text_orientation=\u00bbleft\u00bb use_border_color=\u00bboff\u00bb border_color=\u00bb#ffffff\u00bb border_style=\u00bbsolid\u00bb custom_button=\u00bboff\u00bb button_letter_spacing=\u00bb0&#8243; button_use_icon=\u00bbdefault\u00bb button_icon_placement=\u00bbright\u00bb button_on_hover=\u00bbon\u00bb button_letter_spacing_hover=\u00bb0&#8243;]<\/p>\n<p>Si estas interesado\/a, solicita m\u00e1s informaci\u00f3n, pulsa el bot\u00f3n y rellena el formulario<\/p>\n<p>[\/et_pb_cta][\/et_pb_column][\/et_pb_row][\/et_pb_section]<\/p>\n","protected":false},"excerpt":{"rendered":"<p>El proyecto \u00abj\u00f3venes participando de las din\u00e1micas rurales\u00bb se desarrollar\u00e1 durante 12 meses con la participaci\u00f3n de cuatro voluntarios\/as europeos\/as en Plasenzuela y Torreorgaz, y puntualmente en localidades cercanas, ya que al estar pr\u00f3ximas comparten varias asociaciones, y C.R.A. El proyecto se apoya en nuestro anterior proyecto \u00abJ\u00f3venes participando de las din\u00e1micas rurales\u201d que consiste [&hellip;]<\/p>\n","protected":false},"author":2,"featured_media":61,"parent":0,"menu_order":0,"comment_status":"closed","ping_status":"closed","template":"","meta":{"_et_pb_use_builder":"on","_et_pb_old_content":"","_et_gb_content_width":"","footnotes":""},"class_list":["post-251","page","type-page","status-publish","has-post-thumbnail","hentry"],"yoast_head":"<!-- This site is optimized with the Yoast SEO plugin v27.4 - https:\/\/yoast.com\/product\/yoast-seo-wordpress\/ -->\n<title>J\u00f3venes participando de las din\u00e1micas rurales - Web Oficial de Erasmus Rural \u00b7 Extremadura \u00b7 Espa\u00f1a<\/title>\n<meta name=\"robots\" content=\"index, follow, max-snippet:-1, max-image-preview:large, max-video-preview:-1\" \/>\n<link rel=\"canonical\" href=\"https:\/\/www.erasmusrural.com\/index.php\/descripcion-del-proyecto\/\" \/>\n<meta property=\"og:locale\" content=\"es_ES\" \/>\n<meta property=\"og:type\" content=\"article\" \/>\n<meta property=\"og:title\" content=\"J\u00f3venes participando de las din\u00e1micas rurales - Web Oficial de Erasmus Rural \u00b7 Extremadura \u00b7 Espa\u00f1a\" \/>\n<meta property=\"og:description\" content=\"El proyecto &quot;j\u00f3venes participando de las din\u00e1micas rurales&quot; se desarrollar\u00e1 durante 12 meses con la participaci\u00f3n de cuatro voluntarios\/as europeos\/as en Plasenzuela y Torreorgaz, y puntualmente en localidades cercanas, ya que al estar pr\u00f3ximas comparten varias asociaciones, y C.R.A. El proyecto se apoya en nuestro anterior proyecto &quot;J\u00f3venes participando de las din\u00e1micas rurales\u201d que consiste [&hellip;]\" \/>\n<meta property=\"og:url\" content=\"https:\/\/www.erasmusrural.com\/index.php\/descripcion-del-proyecto\/\" \/>\n<meta property=\"og:site_name\" content=\"Web Oficial de Erasmus Rural \u00b7 Extremadura \u00b7 Espa\u00f1a\" \/>\n<meta property=\"article:modified_time\" content=\"2016-07-03T11:21:22+00:00\" \/>\n<meta property=\"og:image\" content=\"https:\/\/www.erasmusrural.com\/wp-content\/uploads\/2016\/03\/TUTORIAS-2.jpg\" \/>\n\t<meta property=\"og:image:width\" content=\"1382\" \/>\n\t<meta property=\"og:image:height\" content=\"922\" \/>\n\t<meta property=\"og:image:type\" content=\"image\/jpeg\" \/>\n<meta name=\"twitter:card\" content=\"summary_large_image\" \/>\n<meta name=\"twitter:label1\" content=\"Tiempo de lectura\" \/>\n\t<meta name=\"twitter:data1\" content=\"7 minutos\" \/>\n<script type=\"application\/ld+json\" class=\"yoast-schema-graph\">{\"@context\":\"https:\\\/\\\/schema.org\",\"@graph\":[{\"@type\":\"WebPage\",\"@id\":\"https:\\\/\\\/www.erasmusrural.com\\\/index.php\\\/descripcion-del-proyecto\\\/\",\"url\":\"https:\\\/\\\/www.erasmusrural.com\\\/index.php\\\/descripcion-del-proyecto\\\/\",\"name\":\"J\u00f3venes participando de las din\u00e1micas rurales - Web Oficial de Erasmus Rural \u00b7 Extremadura \u00b7 Espa\u00f1a\",\"isPartOf\":{\"@id\":\"https:\\\/\\\/www.erasmusrural.com\\\/#website\"},\"primaryImageOfPage\":{\"@id\":\"https:\\\/\\\/www.erasmusrural.com\\\/index.php\\\/descripcion-del-proyecto\\\/#primaryimage\"},\"image\":{\"@id\":\"https:\\\/\\\/www.erasmusrural.com\\\/index.php\\\/descripcion-del-proyecto\\\/#primaryimage\"},\"thumbnailUrl\":\"https:\\\/\\\/www.erasmusrural.com\\\/wp-content\\\/uploads\\\/2016\\\/03\\\/TUTORIAS-2.jpg\",\"datePublished\":\"2016-03-09T13:10:59+00:00\",\"dateModified\":\"2016-07-03T11:21:22+00:00\",\"breadcrumb\":{\"@id\":\"https:\\\/\\\/www.erasmusrural.com\\\/index.php\\\/descripcion-del-proyecto\\\/#breadcrumb\"},\"inLanguage\":\"es\",\"potentialAction\":[{\"@type\":\"ReadAction\",\"target\":[\"https:\\\/\\\/www.erasmusrural.com\\\/index.php\\\/descripcion-del-proyecto\\\/\"]}]},{\"@type\":\"ImageObject\",\"inLanguage\":\"es\",\"@id\":\"https:\\\/\\\/www.erasmusrural.com\\\/index.php\\\/descripcion-del-proyecto\\\/#primaryimage\",\"url\":\"https:\\\/\\\/www.erasmusrural.com\\\/wp-content\\\/uploads\\\/2016\\\/03\\\/TUTORIAS-2.jpg\",\"contentUrl\":\"https:\\\/\\\/www.erasmusrural.com\\\/wp-content\\\/uploads\\\/2016\\\/03\\\/TUTORIAS-2.jpg\",\"width\":1382,\"height\":922},{\"@type\":\"BreadcrumbList\",\"@id\":\"https:\\\/\\\/www.erasmusrural.com\\\/index.php\\\/descripcion-del-proyecto\\\/#breadcrumb\",\"itemListElement\":[{\"@type\":\"ListItem\",\"position\":1,\"name\":\"Portada\",\"item\":\"https:\\\/\\\/www.erasmusrural.com\\\/\"},{\"@type\":\"ListItem\",\"position\":2,\"name\":\"J\u00f3venes participando de las din\u00e1micas rurales\"}]},{\"@type\":\"WebSite\",\"@id\":\"https:\\\/\\\/www.erasmusrural.com\\\/#website\",\"url\":\"https:\\\/\\\/www.erasmusrural.com\\\/\",\"name\":\"Web Oficial de Erasmus Rural \u00b7 Extremadura \u00b7 Espa\u00f1a\",\"description\":\"Erasmus Extremadura\",\"potentialAction\":[{\"@type\":\"SearchAction\",\"target\":{\"@type\":\"EntryPoint\",\"urlTemplate\":\"https:\\\/\\\/www.erasmusrural.com\\\/?s={search_term_string}\"},\"query-input\":{\"@type\":\"PropertyValueSpecification\",\"valueRequired\":true,\"valueName\":\"search_term_string\"}}],\"inLanguage\":\"es\"}]}<\/script>\n<!-- \/ Yoast SEO plugin. -->","yoast_head_json":{"title":"J\u00f3venes participando de las din\u00e1micas rurales - Web Oficial de Erasmus Rural \u00b7 Extremadura \u00b7 Espa\u00f1a","robots":{"index":"index","follow":"follow","max-snippet":"max-snippet:-1","max-image-preview":"max-image-preview:large","max-video-preview":"max-video-preview:-1"},"canonical":"https:\/\/www.erasmusrural.com\/index.php\/descripcion-del-proyecto\/","og_locale":"es_ES","og_type":"article","og_title":"J\u00f3venes participando de las din\u00e1micas rurales - Web Oficial de Erasmus Rural \u00b7 Extremadura \u00b7 Espa\u00f1a","og_description":"El proyecto \"j\u00f3venes participando de las din\u00e1micas rurales\" se desarrollar\u00e1 durante 12 meses con la participaci\u00f3n de cuatro voluntarios\/as europeos\/as en Plasenzuela y Torreorgaz, y puntualmente en localidades cercanas, ya que al estar pr\u00f3ximas comparten varias asociaciones, y C.R.A. El proyecto se apoya en nuestro anterior proyecto \"J\u00f3venes participando de las din\u00e1micas rurales\u201d que consiste [&hellip;]","og_url":"https:\/\/www.erasmusrural.com\/index.php\/descripcion-del-proyecto\/","og_site_name":"Web Oficial de Erasmus Rural \u00b7 Extremadura \u00b7 Espa\u00f1a","article_modified_time":"2016-07-03T11:21:22+00:00","og_image":[{"width":1382,"height":922,"url":"https:\/\/www.erasmusrural.com\/wp-content\/uploads\/2016\/03\/TUTORIAS-2.jpg","type":"image\/jpeg"}],"twitter_card":"summary_large_image","twitter_misc":{"Tiempo de lectura":"7 minutos"},"schema":{"@context":"https:\/\/schema.org","@graph":[{"@type":"WebPage","@id":"https:\/\/www.erasmusrural.com\/index.php\/descripcion-del-proyecto\/","url":"https:\/\/www.erasmusrural.com\/index.php\/descripcion-del-proyecto\/","name":"J\u00f3venes participando de las din\u00e1micas rurales - Web Oficial de Erasmus Rural \u00b7 Extremadura \u00b7 Espa\u00f1a","isPartOf":{"@id":"https:\/\/www.erasmusrural.com\/#website"},"primaryImageOfPage":{"@id":"https:\/\/www.erasmusrural.com\/index.php\/descripcion-del-proyecto\/#primaryimage"},"image":{"@id":"https:\/\/www.erasmusrural.com\/index.php\/descripcion-del-proyecto\/#primaryimage"},"thumbnailUrl":"https:\/\/www.erasmusrural.com\/wp-content\/uploads\/2016\/03\/TUTORIAS-2.jpg","datePublished":"2016-03-09T13:10:59+00:00","dateModified":"2016-07-03T11:21:22+00:00","breadcrumb":{"@id":"https:\/\/www.erasmusrural.com\/index.php\/descripcion-del-proyecto\/#breadcrumb"},"inLanguage":"es","potentialAction":[{"@type":"ReadAction","target":["https:\/\/www.erasmusrural.com\/index.php\/descripcion-del-proyecto\/"]}]},{"@type":"ImageObject","inLanguage":"es","@id":"https:\/\/www.erasmusrural.com\/index.php\/descripcion-del-proyecto\/#primaryimage","url":"https:\/\/www.erasmusrural.com\/wp-content\/uploads\/2016\/03\/TUTORIAS-2.jpg","contentUrl":"https:\/\/www.erasmusrural.com\/wp-content\/uploads\/2016\/03\/TUTORIAS-2.jpg","width":1382,"height":922},{"@type":"BreadcrumbList","@id":"https:\/\/www.erasmusrural.com\/index.php\/descripcion-del-proyecto\/#breadcrumb","itemListElement":[{"@type":"ListItem","position":1,"name":"Portada","item":"https:\/\/www.erasmusrural.com\/"},{"@type":"ListItem","position":2,"name":"J\u00f3venes participando de las din\u00e1micas rurales"}]},{"@type":"WebSite","@id":"https:\/\/www.erasmusrural.com\/#website","url":"https:\/\/www.erasmusrural.com\/","name":"Web Oficial de Erasmus Rural \u00b7 Extremadura \u00b7 Espa\u00f1a","description":"Erasmus Extremadura","potentialAction":[{"@type":"SearchAction","target":{"@type":"EntryPoint","urlTemplate":"https:\/\/www.erasmusrural.com\/?s={search_term_string}"},"query-input":{"@type":"PropertyValueSpecification","valueRequired":true,"valueName":"search_term_string"}}],"inLanguage":"es"}]}},"jetpack_sharing_enabled":true,"_links":{"self":[{"href":"https:\/\/www.erasmusrural.com\/index.php\/wp-json\/wp\/v2\/pages\/251","targetHints":{"allow":["GET"]}}],"collection":[{"href":"https:\/\/www.erasmusrural.com\/index.php\/wp-json\/wp\/v2\/pages"}],"about":[{"href":"https:\/\/www.erasmusrural.com\/index.php\/wp-json\/wp\/v2\/types\/page"}],"author":[{"embeddable":true,"href":"https:\/\/www.erasmusrural.com\/index.php\/wp-json\/wp\/v2\/users\/2"}],"replies":[{"embeddable":true,"href":"https:\/\/www.erasmusrural.com\/index.php\/wp-json\/wp\/v2\/comments?post=251"}],"version-history":[{"count":10,"href":"https:\/\/www.erasmusrural.com\/index.php\/wp-json\/wp\/v2\/pages\/251\/revisions"}],"predecessor-version":[{"id":280,"href":"https:\/\/www.erasmusrural.com\/index.php\/wp-json\/wp\/v2\/pages\/251\/revisions\/280"}],"wp:featuredmedia":[{"embeddable":true,"href":"https:\/\/www.erasmusrural.com\/index.php\/wp-json\/wp\/v2\/media\/61"}],"wp:attachment":[{"href":"https:\/\/www.erasmusrural.com\/index.php\/wp-json\/wp\/v2\/media?parent=251"}],"curies":[{"name":"wp","href":"https:\/\/api.w.org\/{rel}","templated":true}]}}